{"id":2797,"date":"2023-11-13T14:59:21","date_gmt":"2023-11-13T13:59:21","guid":{"rendered":"https:\/\/www.lepontdemazerat.com\/umgebung\/"},"modified":"2026-02-05T11:58:35","modified_gmt":"2026-02-05T10:58:35","slug":"umgebung","status":"publish","type":"page","link":"https:\/\/www.lepontdemazerat.com\/de\/umgebung\/","title":{"rendered":"Umgebung"},"content":{"rendered":"\n<div class=\"wp-block-cover alignfull\"><span aria-hidden=\"true\" class=\"has-background-dim-60 wp-block-cover__gradient-background has-background-dim\"><\/span><img loading=\"lazy\" width=\"2560\" height=\"845\" class=\"wp-block-cover__image-background wp-image-900\" alt=\"sch\u00f6nsten Orte der Dordogne\" src=\"https:\/\/www.lepontdemazerat.com\/wp-content\/uploads\/2023\/01\/IMG_5878-scaled.jpeg\" data-object-fit=\"cover\" srcset=\"https:\/\/www.lepontdemazerat.com\/wp-content\/uploads\/2023\/01\/IMG_5878-scaled.jpeg 2560w, https:\/\/www.lepontdemazerat.com\/wp-content\/uploads\/2023\/01\/IMG_5878-300x99.jpeg 300w, https:\/\/www.lepontdemazerat.com\/wp-content\/uploads\/2023\/01\/IMG_5878-1024x338.jpeg 1024w, https:\/\/www.lepontdemazerat.com\/wp-content\/uploads\/2023\/01\/IMG_5878-768x254.jpeg 768w, https:\/\/www.lepontdemazerat.com\/wp-content\/uploads\/2023\/01\/IMG_5878-1536x507.jpeg 1536w, https:\/\/www.lepontdemazerat.com\/wp-content\/uploads\/2023\/01\/IMG_5878-2048x676.jpeg 2048w\" sizes=\"(max-width: 2560px) 100vw, 2560px\" \/><div class=\"wp-block-cover__inner-container\">\n<p class=\"has-text-align-center has-large-font-size\"><\/p>\n<\/div><\/div>\n\n\n\n<div class=\"wp-block-columns alignwide\">\n<div class=\"wp-block-column padding-t-b\" style=\"flex-basis:32%\">\n<h1 id=\"les-alentours-de-notre-camping-a-sarlat-en-dordogne\">Besuchen Sie die sch\u00f6nsten Orte der Dordogne vom Campingplatz aus<\/h1>\n\n\n\n<ul class=\"pictos col-3\"><li><i class=\"fas fa-bicycle\"><\/i> <a href=\"https:\/\/www.lepontdemazerat.com\/de\/radfahren-dordogne\/\">Fahrrad<\/a><\/li><li><i class=\"fas fa-castle\"><\/i> <a href=\"https:\/\/www.lepontdemazerat.com\/de\/dordogne-schlosser\/\">Schl\u00f6sser<\/a><\/li><li><i class=\"fas fa-dungeon\"><\/i> <a href=\"https:\/\/www.lepontdemazerat.com\/de\/dordogne-holen\/\">H\u00f6hlen<\/a><\/li><li><i class=\"fas fa-person-hiking\"><\/i> Wandern<\/li><li><i class=\"fas fa-water\"><\/i> <a href=\"https:\/\/www.lepontdemazerat.com\/de\/kanutour-dordogne\/\">Kajakfahren<\/a><\/li><li><i class=\"fas fa-location-dot\"><\/i> D\u00f6rfer<\/li><\/ul>\n\n\n\n<p>Unser <a href=\"https:\/\/www.lepontdemazerat.com\/de\/\">4-Sterne-Campingplatz in der Dordogne<\/a> profitiert von seiner Lage im Zentrum aller wichtigen <strong>Sehensw\u00fcrdigkeiten des P\u00e9rigord Noir<\/strong>.<\/p>\n\n\n\n<p>Das P\u00e9rigord ist Gold. Die Landschaft des P\u00e9rigordine bietet Naturliebhabern unz\u00e4hlige markierte Wanderwege, die durch W\u00e4lder und D\u00f6rfer mit goldfarbenen Steinen f\u00fchren.<\/p>\n\n\n\n<div class=\"wp-block-group lire-plus-pc\"><div class=\"wp-block-group__inner-container\">\n<p>Lesen Sie mehr<\/p>\n\n\n\n<div class=\"wp-container-69f0cfbc484cf wp-block-group\"><div class=\"wp-block-group__inner-container\">\n<p>Begeben Sie sich zu Fu\u00df oder mit dem Mountainbike auf die markierten Wanderwege und lassen Sie sich von der reichen Landschaft, der \u00fcppigen Fauna und Flora \u00fcberraschen.<\/p>\n\n\n\n<p>Der Campingplatz Le Pont de Mazerat liegt ideal zwischen <strong>dem Tal der Dordogne<\/strong> und <strong>dem Tal der V\u00e9z\u00e8re<\/strong>. Genauer gesagt im <strong>Tal der Beunes<\/strong>, wo er nachts die K\u00fchle des flie\u00dfenden Wassers und der umgebenden Teiche genie\u00dft.<\/p>\n\n\n\n<p>Das <strong>Tal der Dordogne<\/strong> bietet ein <strong>reiches Erbe an Schl\u00f6ssern<\/strong>, <strong>bemerkenswerten G\u00e4rten<\/strong>und wunderbar erhaltenen D\u00f6rfern. Wagen Sie seine Abfahrt im Kanu oder f\u00fcr die J\u00fcngeren und \u00c4lteren in einer Gabare (Vorzugstarif, bitte fragen Sie uns)!<\/p>\n\n\n\n<p>Das <strong>Tal der V\u00e9z\u00e8re<\/strong> steht f\u00fcr die reiche pr\u00e4historische Vergangenheit mit der <strong>H\u00f6hle von Lascaux<\/strong>. Sie werden auch das <strong>nationale Museum f\u00fcr Vorgeschichte in Les Eyzies<\/strong> entdecken; <strong>H\u00f6hlenwohnungen <\/strong>(La Madeleine, das befestigte Haus von Reygnac, La Roque Saint Christophe&#8230;); Abgr\u00fcnde und H\u00f6hlen (Proumeyssac, Rouffignac&#8230;). Fahren Sie mit dem <a href=\"https:\/\/www.lepontdemazerat.com\/de\/kanutour-dordogne\/\">Kanu durch das Tal<\/a>, Sie werden seinen Reichtum entdecken, seine schattige und wilde Strecke!<\/p>\n\n\n\n<p>Kurzum, wir k\u00f6nnten seitenlang blablabla, so stolz und reich sind wir an unserem Erbe. Z\u00f6gern Sie also nicht, uns bei Ihrem Besuch anzusprechen. Wir werden Sie mit Stolz und Begeisterung \u00fcber die <a href=\"https:\/\/www.lepontdemazerat.com\/de\/animationen\/\" data-type=\"page\" data-id=\"2805\">Naturaktivit\u00e4ten<\/a> beraten, die Sie <a href=\"https:\/\/www.lepontdemazerat.com\/de\/alentours\/tal-der-dordogne\/\" data-type=\"alentours\" data-id=\"2992\">in der Dordogne<\/a> unternehmen k\u00f6nnen!<\/p>\n<\/div><\/div>\n<\/div><\/div>\n\n\n\n<div class=\"wp-container-69f0cfbc4881f wp-block-buttons\">\n<div class=\"wp-block-button\"><a class=\"wp-block-button__link\" href=\"\" target=\"_blank\" rel=\"noreferrer noopener\">Plan der Wanderungen<\/a><\/div>\n<\/div>\n<\/div>\n\n\n\n<div class=\"wp-block-column\">\n<figure class=\"wp-block-gallery alignfull has-nested-images columns-4 is-cropped diaporama--2 gal_overflow\">\n<figure class=\"wp-block-image size-large\"><img loading=\"lazy\" width=\"730\" height=\"964\" src=\"https:\/\/www.lepontdemazerat.com\/wp-content\/uploads\/2022\/12\/forest-g847a92284_1280-1.jpg\" alt=\"fahrradtour dordogne\" class=\"wp-image-663\" srcset=\"https:\/\/www.lepontdemazerat.com\/wp-content\/uploads\/2022\/12\/forest-g847a92284_1280-1.jpg 730w, https:\/\/www.lepontdemazerat.com\/wp-content\/uploads\/2022\/12\/forest-g847a92284_1280-1-227x300.jpg 227w\" sizes=\"(max-width: 730px) 100vw, 730px\" \/><\/figure>\n\n\n\n<figure class=\"wp-block-image size-large\"><img loading=\"lazy\" width=\"500\" height=\"500\" src=\"https:\/\/www.lepontdemazerat.com\/wp-content\/uploads\/2023\/01\/dordogne-beynac-camping-le-pont-de-mazerat-e1545926243578-oiigzsb8ehwok4ln416up4gn1ejp98hthr583nocjs.jpg\" alt=\"\" class=\"wp-image-907\" srcset=\"https:\/\/www.lepontdemazerat.com\/wp-content\/uploads\/2023\/01\/dordogne-beynac-camping-le-pont-de-mazerat-e1545926243578-oiigzsb8ehwok4ln416up4gn1ejp98hthr583nocjs.jpg 500w, https:\/\/www.lepontdemazerat.com\/wp-content\/uploads\/2023\/01\/dordogne-beynac-camping-le-pont-de-mazerat-e1545926243578-oiigzsb8ehwok4ln416up4gn1ejp98hthr583nocjs-300x300.jpg 300w, https:\/\/www.lepontdemazerat.com\/wp-content\/uploads\/2023\/01\/dordogne-beynac-camping-le-pont-de-mazerat-e1545926243578-oiigzsb8ehwok4ln416up4gn1ejp98hthr583nocjs-150x150.jpg 150w\" sizes=\"(max-width: 500px) 100vw, 500px\" \/><\/figure>\n\n\n\n<figure class=\"wp-block-image size-large\"><img loading=\"lazy\" width=\"1656\" height=\"1242\" src=\"https:\/\/www.lepontdemazerat.com\/wp-content\/uploads\/2022\/12\/tamnies-camping-le-pont-de-mazerat.jpg\" alt=\"\" class=\"wp-image-653\" srcset=\"https:\/\/www.lepontdemazerat.com\/wp-content\/uploads\/2022\/12\/tamnies-camping-le-pont-de-mazerat.jpg 1656w, https:\/\/www.lepontdemazerat.com\/wp-content\/uploads\/2022\/12\/tamnies-camping-le-pont-de-mazerat-300x225.jpg 300w, https:\/\/www.lepontdemazerat.com\/wp-content\/uploads\/2022\/12\/tamnies-camping-le-pont-de-mazerat-1024x768.jpg 1024w, https:\/\/www.lepontdemazerat.com\/wp-content\/uploads\/2022\/12\/tamnies-camping-le-pont-de-mazerat-768x576.jpg 768w, https:\/\/www.lepontdemazerat.com\/wp-content\/uploads\/2022\/12\/tamnies-camping-le-pont-de-mazerat-1536x1152.jpg 1536w\" sizes=\"(max-width: 1656px) 100vw, 1656px\" \/><\/figure>\n\n\n\n<figure class=\"wp-block-image size-large\"><img loading=\"lazy\" width=\"1024\" height=\"576\" src=\"https:\/\/www.lepontdemazerat.com\/wp-content\/uploads\/2023\/01\/simon-hermans-NnNzx4AT2_c-unsplash-1024x576.jpg\" alt=\"schl\u00f6sser dordogne\" class=\"wp-image-1167\" srcset=\"https:\/\/www.lepontdemazerat.com\/wp-content\/uploads\/2023\/01\/simon-hermans-NnNzx4AT2_c-unsplash-1024x576.jpg 1024w, https:\/\/www.lepontdemazerat.com\/wp-content\/uploads\/2023\/01\/simon-hermans-NnNzx4AT2_c-unsplash-300x169.jpg 300w, https:\/\/www.lepontdemazerat.com\/wp-content\/uploads\/2023\/01\/simon-hermans-NnNzx4AT2_c-unsplash-768x432.jpg 768w, https:\/\/www.lepontdemazerat.com\/wp-content\/uploads\/2023\/01\/simon-hermans-NnNzx4AT2_c-unsplash-1536x864.jpg 1536w, https:\/\/www.lepontdemazerat.com\/wp-content\/uploads\/2023\/01\/simon-hermans-NnNzx4AT2_c-unsplash.jpg 1920w\" sizes=\"(max-width: 1024px) 100vw, 1024px\" \/><\/figure>\n<\/figure>\n<\/div>\n<\/div>\n\n\n\r\n<section id=\"fc-alentours\" class=\"wp-block-columns\">\r\n\r\n  <div id=\"listing-alentours\" class=\"wp-block-column\">\r\n    \r\n    <div class=\"filtres\">\r\n      <div>\r\n        <input id=\"all\" name=\"filter\" type=\"radio\" class=\"all-input\" checked=\"checked\" \/>\r\n        <label for=\"all\" class=\"all-label\">Alle Orte<\/label>\r\n      <\/div>\r\n      <div><input id=\"aktivitaten\" name=\"filter\" type=\"radio\" \/><label for=\"aktivitaten\">Aktivit\u00e4ten<\/label><\/div><div><input id=\"entdeckung\" name=\"filter\" type=\"radio\" \/><label for=\"entdeckung\">Entdeckung<\/label><\/div>      <input type='hidden' id='current_page'\/>\r\n      <input type='hidden' id='show_per_page'\/>\r\n    <\/div>\r\n\r\n    <div id=\"listing\">\r\n              <a href=\"https:\/\/www.lepontdemazerat.com\/de\/alentours\/die-kathedrale-saint-sacerdos-in-sarlat\/\" class=\"lieu-alentour currentCat visuel-defaut\" data-cat=\"entdeckung\" data-slug=\"die-kathedrale-saint-sacerdos-in-sarlat\" data-icone=\"\" data-couleur=\"\" data-latitude=\"44.8887746\" data-longitude=\"1.2168429\">\r\n          <div class=\"texte-lieu\">\r\n            <p class=\"categorie-lieu\">\r\n              <i class=\"fas fa-map-marker-alt sa\"><\/i>Entdeckung            <\/p>\r\n            <p class=\"titre-lieu\">Die Kathedrale Saint-Sacerdos in Sarlat<\/p>\r\n          <\/div>\r\n                  <\/a>\r\n              <a href=\"https:\/\/www.lepontdemazerat.com\/de\/alentours\/herrenhaus-gisson-sarlat\/\" class=\"lieu-alentour currentCat visuel-defaut\" data-cat=\"aktivitaten\" data-slug=\"herrenhaus-gisson-sarlat\" data-icone=\"\" data-couleur=\"\" data-latitude=\"44.8904419\" data-longitude=\"1.2164993\">\r\n          <div class=\"texte-lieu\">\r\n            <p class=\"categorie-lieu\">\r\n              <i class=\"fas fa-map-marker-alt sa\"><\/i>Aktivit\u00e4ten            <\/p>\r\n            <p class=\"titre-lieu\">Herrenhaus von Gisson<\/p>\r\n          <\/div>\r\n                  <\/a>\r\n              <article class=\"lieu-alentour currentCat visuel\" data-cat=\"camping-de\" data-slug=\"campingplatz-le-pont-de-mazerat\" data-icone=\"\" data-couleur=\"\" data-latitude=\"44.965245\" data-longitude=\"1.1657979\">\r\n          <div class=\"texte-lieu\">\r\n            <p class=\"categorie-lieu\">\r\n              <i class=\"fas fa-map-marker-alt sa\"><\/i>camping            <\/p>\r\n            <p class=\"titre-lieu\">Campingplatz Le Pont de Mazerat<\/p>\r\n          <\/div>\r\n          <img width=\"1022\" height=\"500\" src=\"https:\/\/www.lepontdemazerat.com\/wp-content\/uploads\/2023\/01\/camping-dordogn-piscine-chauffee-le-pont-de-mazerat-1-1.jpg\" class=\"attachment-large size-large\" alt=\"\" loading=\"lazy\" srcset=\"https:\/\/www.lepontdemazerat.com\/wp-content\/uploads\/2023\/01\/camping-dordogn-piscine-chauffee-le-pont-de-mazerat-1-1.jpg 1022w, https:\/\/www.lepontdemazerat.com\/wp-content\/uploads\/2023\/01\/camping-dordogn-piscine-chauffee-le-pont-de-mazerat-1-1-300x147.jpg 300w, https:\/\/www.lepontdemazerat.com\/wp-content\/uploads\/2023\/01\/camping-dordogn-piscine-chauffee-le-pont-de-mazerat-1-1-768x376.jpg 768w\" sizes=\"(max-width: 1022px) 100vw, 1022px\" \/>        <\/article>\r\n              <a href=\"https:\/\/www.lepontdemazerat.com\/de\/alentours\/les-eyzies-das-land-des-cro-magnon\/\" class=\"lieu-alentour currentCat visuel\" data-cat=\"entdeckung\" data-slug=\"les-eyzies-das-land-des-cro-magnon\" data-icone=\"\" data-couleur=\"\" data-latitude=\"44.9300468\" data-longitude=\"1.0298918\">\r\n          <div class=\"texte-lieu\">\r\n            <p class=\"categorie-lieu\">\r\n              <i class=\"fas fa-map-marker-alt sa\"><\/i>Entdeckung            <\/p>\r\n            <p class=\"titre-lieu\">Les Eyzies<\/p>\r\n          <\/div>\r\n          <img width=\"300\" height=\"300\" src=\"https:\/\/www.lepontdemazerat.com\/wp-content\/uploads\/2022\/12\/camping-dordogne-vallee-de-la-vezere-300x300-1.jpg\" class=\"attachment-large size-large\" alt=\"\" loading=\"lazy\" srcset=\"https:\/\/www.lepontdemazerat.com\/wp-content\/uploads\/2022\/12\/camping-dordogne-vallee-de-la-vezere-300x300-1.jpg 300w, https:\/\/www.lepontdemazerat.com\/wp-content\/uploads\/2022\/12\/camping-dordogne-vallee-de-la-vezere-300x300-1-150x150.jpg 150w\" sizes=\"(max-width: 300px) 100vw, 300px\" \/>        <\/a>\r\n              <a href=\"https:\/\/www.lepontdemazerat.com\/de\/alentours\/schwarzes-perigord\/\" class=\"lieu-alentour currentCat visuel\" data-cat=\"entdeckung\" data-slug=\"schwarzes-perigord\" data-icone=\"\" data-couleur=\"\" data-latitude=\"45.5520912\" data-longitude=\"1.0077818\">\r\n          <div class=\"texte-lieu\">\r\n            <p class=\"categorie-lieu\">\r\n              <i class=\"fas fa-map-marker-alt sa\"><\/i>Entdeckung            <\/p>\r\n            <p class=\"titre-lieu\">Schwarzes Perigord<\/p>\r\n          <\/div>\r\n          <img width=\"700\" height=\"441\" src=\"https:\/\/www.lepontdemazerat.com\/wp-content\/uploads\/2023\/01\/Camping-dordogne-monbazillac-700x441-1.jpg\" class=\"attachment-large size-large\" alt=\"\" loading=\"lazy\" srcset=\"https:\/\/www.lepontdemazerat.com\/wp-content\/uploads\/2023\/01\/Camping-dordogne-monbazillac-700x441-1.jpg 700w, https:\/\/www.lepontdemazerat.com\/wp-content\/uploads\/2023\/01\/Camping-dordogne-monbazillac-700x441-1-300x189.jpg 300w\" sizes=\"(max-width: 700px) 100vw, 700px\" \/>        <\/a>\r\n              <a href=\"https:\/\/www.lepontdemazerat.com\/de\/alentours\/lot-und-rocamadour\/\" class=\"lieu-alentour currentCat visuel\" data-cat=\"entdeckung\" data-slug=\"lot-und-rocamadour\" data-icone=\"\" data-couleur=\"\" data-latitude=\"44.799383\" data-longitude=\"1.617901\">\r\n          <div class=\"texte-lieu\">\r\n            <p class=\"categorie-lieu\">\r\n              <i class=\"fas fa-map-marker-alt sa\"><\/i>Entdeckung            <\/p>\r\n            <p class=\"titre-lieu\">Lot und Rocamadour<\/p>\r\n          <\/div>\r\n          <img width=\"700\" height=\"441\" src=\"https:\/\/www.lepontdemazerat.com\/wp-content\/uploads\/2023\/01\/camping-dordogne-collonge-la-rouge-700x441-1.jpg\" class=\"attachment-large size-large\" alt=\"\" loading=\"lazy\" srcset=\"https:\/\/www.lepontdemazerat.com\/wp-content\/uploads\/2023\/01\/camping-dordogne-collonge-la-rouge-700x441-1.jpg 700w, https:\/\/www.lepontdemazerat.com\/wp-content\/uploads\/2023\/01\/camping-dordogne-collonge-la-rouge-700x441-1-300x189.jpg 300w\" sizes=\"(max-width: 700px) 100vw, 700px\" \/>        <\/a>\r\n              <a href=\"https:\/\/www.lepontdemazerat.com\/de\/alentours\/tal-der-vezere\/\" class=\"lieu-alentour currentCat visuel\" data-cat=\"entdeckung\" data-slug=\"tal-der-vezere\" data-icone=\"\" data-couleur=\"\" data-latitude=\"45.6486616\" data-longitude=\"2.0338219\">\r\n          <div class=\"texte-lieu\">\r\n            <p class=\"categorie-lieu\">\r\n              <i class=\"fas fa-map-marker-alt sa\"><\/i>Entdeckung            <\/p>\r\n            <p class=\"titre-lieu\">Tal der V\u00e9z\u00e8re<\/p>\r\n          <\/div>\r\n          <img width=\"500\" height=\"500\" src=\"https:\/\/www.lepontdemazerat.com\/wp-content\/uploads\/2023\/01\/la-roque-saint-christophe-dordogne-camping-le-pont-de-mazerat-oiih0q5f8j70638hmftf6vx8f9wwyc85mempdma6bs.jpg\" class=\"attachment-large size-large\" alt=\"\" loading=\"lazy\" srcset=\"https:\/\/www.lepontdemazerat.com\/wp-content\/uploads\/2023\/01\/la-roque-saint-christophe-dordogne-camping-le-pont-de-mazerat-oiih0q5f8j70638hmftf6vx8f9wwyc85mempdma6bs.jpg 500w, https:\/\/www.lepontdemazerat.com\/wp-content\/uploads\/2023\/01\/la-roque-saint-christophe-dordogne-camping-le-pont-de-mazerat-oiih0q5f8j70638hmftf6vx8f9wwyc85mempdma6bs-300x300.jpg 300w, https:\/\/www.lepontdemazerat.com\/wp-content\/uploads\/2023\/01\/la-roque-saint-christophe-dordogne-camping-le-pont-de-mazerat-oiih0q5f8j70638hmftf6vx8f9wwyc85mempdma6bs-150x150.jpg 150w\" sizes=\"(max-width: 500px) 100vw, 500px\" \/>        <\/a>\r\n              <a href=\"https:\/\/www.lepontdemazerat.com\/de\/alentours\/montignac-die-stadt-von-lascaux\/\" class=\"lieu-alentour currentCat visuel\" data-cat=\"aktivitaten\" data-slug=\"montignac-die-stadt-von-lascaux\" data-icone=\"\" data-couleur=\"\" data-latitude=\"45.053919\" data-longitude=\"1.167651\">\r\n          <div class=\"texte-lieu\">\r\n            <p class=\"categorie-lieu\">\r\n              <i class=\"fas fa-map-marker-alt sa\"><\/i>Aktivit\u00e4ten            <\/p>\r\n            <p class=\"titre-lieu\">Montignac, die Stadt von Lascaux<\/p>\r\n          <\/div>\r\n          <img width=\"277\" height=\"182\" src=\"https:\/\/www.lepontdemazerat.com\/wp-content\/uploads\/2023\/08\/grotte-lascaux-montignac-perigord-noir.jpg\" class=\"attachment-large size-large\" alt=\"\" loading=\"lazy\" \/>        <\/a>\r\n              <a href=\"https:\/\/www.lepontdemazerat.com\/de\/alentours\/tal-der-dordogne\/\" class=\"lieu-alentour currentCat visuel\" data-cat=\"entdeckung\" data-slug=\"tal-der-dordogne\" data-icone=\"\" data-couleur=\"\" data-latitude=\"44.8664941\" data-longitude=\"1.0495063\">\r\n          <div class=\"texte-lieu\">\r\n            <p class=\"categorie-lieu\">\r\n              <i class=\"fas fa-map-marker-alt sa\"><\/i>Entdeckung            <\/p>\r\n            <p class=\"titre-lieu\">Tal der Dordogne<\/p>\r\n          <\/div>\r\n          <img width=\"1024\" height=\"683\" src=\"https:\/\/www.lepontdemazerat.com\/wp-content\/uploads\/2023\/06\/nabih-el-boustani-gfRqnh2r00-unsplash-6-1024x683.jpg\" class=\"attachment-large size-large\" alt=\"\" loading=\"lazy\" srcset=\"https:\/\/www.lepontdemazerat.com\/wp-content\/uploads\/2023\/06\/nabih-el-boustani-gfRqnh2r00-unsplash-6-1024x683.jpg 1024w, https:\/\/www.lepontdemazerat.com\/wp-content\/uploads\/2023\/06\/nabih-el-boustani-gfRqnh2r00-unsplash-6-300x200.jpg 300w, https:\/\/www.lepontdemazerat.com\/wp-content\/uploads\/2023\/06\/nabih-el-boustani-gfRqnh2r00-unsplash-6-768x512.jpg 768w, https:\/\/www.lepontdemazerat.com\/wp-content\/uploads\/2023\/06\/nabih-el-boustani-gfRqnh2r00-unsplash-6-1536x1024.jpg 1536w, https:\/\/www.lepontdemazerat.com\/wp-content\/uploads\/2023\/06\/nabih-el-boustani-gfRqnh2r00-unsplash-6.jpg 1920w\" sizes=\"(max-width: 1024px) 100vw, 1024px\" \/>        <\/a>\r\n              <a href=\"https:\/\/www.lepontdemazerat.com\/de\/alentours\/sarlat-mittelalterliche-stadt\/\" class=\"lieu-alentour currentCat visuel\" data-cat=\"entdeckung\" data-slug=\"sarlat-mittelalterliche-stadt\" data-icone=\"\" data-couleur=\"\" data-latitude=\"44.8926347\" data-longitude=\"1.2156298\">\r\n          <div class=\"texte-lieu\">\r\n            <p class=\"categorie-lieu\">\r\n              <i class=\"fas fa-map-marker-alt sa\"><\/i>Entdeckung            <\/p>\r\n            <p class=\"titre-lieu\">Sarlat: mittelalterliche Stadt<\/p>\r\n          <\/div>\r\n          <img width=\"300\" height=\"300\" src=\"https:\/\/www.lepontdemazerat.com\/wp-content\/uploads\/2023\/01\/badaud-de-sarlat-dordogne-camping-le-pont-de-mazerat-300x300-1.jpg\" class=\"attachment-large size-large\" alt=\"\" loading=\"lazy\" srcset=\"https:\/\/www.lepontdemazerat.com\/wp-content\/uploads\/2023\/01\/badaud-de-sarlat-dordogne-camping-le-pont-de-mazerat-300x300-1.jpg 300w, https:\/\/www.lepontdemazerat.com\/wp-content\/uploads\/2023\/01\/badaud-de-sarlat-dordogne-camping-le-pont-de-mazerat-300x300-1-150x150.jpg 150w\" sizes=\"(max-width: 300px) 100vw, 300px\" \/>        <\/a>\r\n              <article class=\"lieu-alentour currentCat visuel\" data-cat=\"aktivitaten\" data-slug=\"teich-von-tamnies\" data-icone=\"\" data-couleur=\"\" data-latitude=\"44.9646833\" data-longitude=\"1.1601963\">\r\n          <div class=\"texte-lieu\">\r\n            <p class=\"categorie-lieu\">\r\n              <i class=\"fas fa-map-marker-alt sa\"><\/i>Aktivit\u00e4ten            <\/p>\r\n            <p class=\"titre-lieu\">Teich von Tamni\u00e8s<\/p>\r\n          <\/div>\r\n          <img width=\"300\" height=\"300\" src=\"https:\/\/www.lepontdemazerat.com\/wp-content\/uploads\/2023\/01\/Jeux-gonflables-etang-de-tamnies-1-300x300-1.jpg\" class=\"attachment-large size-large\" alt=\"\" loading=\"lazy\" srcset=\"https:\/\/www.lepontdemazerat.com\/wp-content\/uploads\/2023\/01\/Jeux-gonflables-etang-de-tamnies-1-300x300-1.jpg 300w, https:\/\/www.lepontdemazerat.com\/wp-content\/uploads\/2023\/01\/Jeux-gonflables-etang-de-tamnies-1-300x300-1-150x150.jpg 150w\" sizes=\"(max-width: 300px) 100vw, 300px\" \/>        <\/article>\r\n              <article class=\"lieu-alentour currentCat visuel\" data-cat=\"aktivitaten\" data-slug=\"ornamentale-hoehle-von-pech-merle\" data-icone=\"\" data-couleur=\"\" data-latitude=\"44.5073077\" data-longitude=\"1.6440805\">\r\n          <div class=\"texte-lieu\">\r\n            <p class=\"categorie-lieu\">\r\n              <i class=\"fas fa-map-marker-alt sa\"><\/i>Aktivit\u00e4ten            <\/p>\r\n            <p class=\"titre-lieu\">Ornamentale H\u00f6hle von Pech Merle<\/p>\r\n          <\/div>\r\n          <img width=\"1024\" height=\"641\" src=\"https:\/\/www.lepontdemazerat.com\/wp-content\/uploads\/2023\/01\/pexels-peter-de-vink-849385-1024x641.jpg\" class=\"attachment-large size-large\" alt=\"\" loading=\"lazy\" srcset=\"https:\/\/www.lepontdemazerat.com\/wp-content\/uploads\/2023\/01\/pexels-peter-de-vink-849385-1024x641.jpg 1024w, https:\/\/www.lepontdemazerat.com\/wp-content\/uploads\/2023\/01\/pexels-peter-de-vink-849385-300x188.jpg 300w, https:\/\/www.lepontdemazerat.com\/wp-content\/uploads\/2023\/01\/pexels-peter-de-vink-849385-768x480.jpg 768w, https:\/\/www.lepontdemazerat.com\/wp-content\/uploads\/2023\/01\/pexels-peter-de-vink-849385.jpg 1279w\" sizes=\"(max-width: 1024px) 100vw, 1024px\" \/>        <\/article>\r\n              <article class=\"lieu-alentour currentCat visuel\" data-cat=\"entdeckung\" data-slug=\"schlucht-von-padirac\" data-icone=\"\" data-couleur=\"\" data-latitude=\"44.8581868\" data-longitude=\"1.7504297\">\r\n          <div class=\"texte-lieu\">\r\n            <p class=\"categorie-lieu\">\r\n              <i class=\"fas fa-map-marker-alt sa\"><\/i>Entdeckung            <\/p>\r\n            <p class=\"titre-lieu\">Schlucht von Padirac<\/p>\r\n          <\/div>\r\n          <img width=\"640\" height=\"1024\" src=\"https:\/\/www.lepontdemazerat.com\/wp-content\/uploads\/2023\/01\/le-gouffre-de-padirac-lot-tourisme-gouffre-de-padirac-j-c-lemee-001-0-640x1024-crop-1605706672.jpg\" class=\"attachment-large size-large\" alt=\"\" loading=\"lazy\" srcset=\"https:\/\/www.lepontdemazerat.com\/wp-content\/uploads\/2023\/01\/le-gouffre-de-padirac-lot-tourisme-gouffre-de-padirac-j-c-lemee-001-0-640x1024-crop-1605706672.jpg 640w, https:\/\/www.lepontdemazerat.com\/wp-content\/uploads\/2023\/01\/le-gouffre-de-padirac-lot-tourisme-gouffre-de-padirac-j-c-lemee-001-0-640x1024-crop-1605706672-188x300.jpg 188w\" sizes=\"(max-width: 640px) 100vw, 640px\" \/>        <\/article>\r\n              <article class=\"lieu-alentour currentCat visuel\" data-cat=\"entdeckung\" data-slug=\"beynac\" data-icone=\"\" data-couleur=\"\" data-latitude=\"45.766714\" data-longitude=\"1.167562\">\r\n          <div class=\"texte-lieu\">\r\n            <p class=\"categorie-lieu\">\r\n              <i class=\"fas fa-map-marker-alt sa\"><\/i>Entdeckung            <\/p>\r\n            <p class=\"titre-lieu\">Besuch von Beynac<\/p>\r\n          <\/div>\r\n          <img width=\"1024\" height=\"684\" src=\"https:\/\/www.lepontdemazerat.com\/wp-content\/uploads\/2023\/01\/pexels-edouard-chassaigne-12953431-1-1024x684.jpg\" class=\"attachment-large size-large\" alt=\"\" loading=\"lazy\" srcset=\"https:\/\/www.lepontdemazerat.com\/wp-content\/uploads\/2023\/01\/pexels-edouard-chassaigne-12953431-1-1024x684.jpg 1024w, https:\/\/www.lepontdemazerat.com\/wp-content\/uploads\/2023\/01\/pexels-edouard-chassaigne-12953431-1-300x200.jpg 300w, https:\/\/www.lepontdemazerat.com\/wp-content\/uploads\/2023\/01\/pexels-edouard-chassaigne-12953431-1-768x513.jpg 768w, https:\/\/www.lepontdemazerat.com\/wp-content\/uploads\/2023\/01\/pexels-edouard-chassaigne-12953431-1.jpg 1279w\" sizes=\"(max-width: 1024px) 100vw, 1024px\" \/>        <\/article>\r\n              <article class=\"lieu-alentour currentCat visuel\" data-cat=\"aktivitaten\" data-slug=\"castelnaud\" data-icone=\"\" data-couleur=\"\" data-latitude=\"44.815781\" data-longitude=\"1.147943\">\r\n          <div class=\"texte-lieu\">\r\n            <p class=\"categorie-lieu\">\r\n              <i class=\"fas fa-map-marker-alt sa\"><\/i>Aktivit\u00e4ten            <\/p>\r\n            <p class=\"titre-lieu\">Besuch von Castelnaud<\/p>\r\n          <\/div>\r\n          <img width=\"1024\" height=\"576\" src=\"https:\/\/www.lepontdemazerat.com\/wp-content\/uploads\/2023\/01\/simon-hermans-NnNzx4AT2_c-unsplash-1024x576.jpg\" class=\"attachment-large size-large\" alt=\"\" loading=\"lazy\" srcset=\"https:\/\/www.lepontdemazerat.com\/wp-content\/uploads\/2023\/01\/simon-hermans-NnNzx4AT2_c-unsplash-1024x576.jpg 1024w, https:\/\/www.lepontdemazerat.com\/wp-content\/uploads\/2023\/01\/simon-hermans-NnNzx4AT2_c-unsplash-300x169.jpg 300w, https:\/\/www.lepontdemazerat.com\/wp-content\/uploads\/2023\/01\/simon-hermans-NnNzx4AT2_c-unsplash-768x432.jpg 768w, https:\/\/www.lepontdemazerat.com\/wp-content\/uploads\/2023\/01\/simon-hermans-NnNzx4AT2_c-unsplash-1536x864.jpg 1536w, https:\/\/www.lepontdemazerat.com\/wp-content\/uploads\/2023\/01\/simon-hermans-NnNzx4AT2_c-unsplash.jpg 1920w\" sizes=\"(max-width: 1024px) 100vw, 1024px\" \/>        <\/article>\r\n              <article class=\"lieu-alentour currentCat visuel\" data-cat=\"entdeckung\" data-slug=\"domme\" data-icone=\"\" data-couleur=\"\" data-latitude=\"44.801305\" data-longitude=\"1.217048\">\r\n          <div class=\"texte-lieu\">\r\n            <p class=\"categorie-lieu\">\r\n              <i class=\"fas fa-map-marker-alt sa\"><\/i>Entdeckung            <\/p>\r\n            <p class=\"titre-lieu\">Besuch des Dorfes Domme<\/p>\r\n          <\/div>\r\n          <img width=\"1024\" height=\"683\" src=\"https:\/\/www.lepontdemazerat.com\/wp-content\/uploads\/2023\/01\/nabih-el-boustani-1KUtI4wLaEI-unsplash-1-1024x683.jpg\" class=\"attachment-large size-large\" alt=\"\" loading=\"lazy\" srcset=\"https:\/\/www.lepontdemazerat.com\/wp-content\/uploads\/2023\/01\/nabih-el-boustani-1KUtI4wLaEI-unsplash-1-1024x683.jpg 1024w, https:\/\/www.lepontdemazerat.com\/wp-content\/uploads\/2023\/01\/nabih-el-boustani-1KUtI4wLaEI-unsplash-1-300x200.jpg 300w, https:\/\/www.lepontdemazerat.com\/wp-content\/uploads\/2023\/01\/nabih-el-boustani-1KUtI4wLaEI-unsplash-1-768x512.jpg 768w, https:\/\/www.lepontdemazerat.com\/wp-content\/uploads\/2023\/01\/nabih-el-boustani-1KUtI4wLaEI-unsplash-1-1536x1024.jpg 1536w, https:\/\/www.lepontdemazerat.com\/wp-content\/uploads\/2023\/01\/nabih-el-boustani-1KUtI4wLaEI-unsplash-1.jpg 1920w\" sizes=\"(max-width: 1024px) 100vw, 1024px\" \/>        <\/article>\r\n              <article class=\"lieu-alentour currentCat visuel\" data-cat=\"entdeckung\" data-slug=\"la-roque-gageac\" data-icone=\"\" data-couleur=\"\" data-latitude=\"44.825047\" data-longitude=\"1.184259\">\r\n          <div class=\"texte-lieu\">\r\n            <p class=\"categorie-lieu\">\r\n              <i class=\"fas fa-map-marker-alt sa\"><\/i>Entdeckung            <\/p>\r\n            <p class=\"titre-lieu\">La Roque Gageac<\/p>\r\n          <\/div>\r\n          <img width=\"600\" height=\"837\" src=\"https:\/\/www.lepontdemazerat.com\/wp-content\/uploads\/2023\/06\/annie-spratt-8wUjniBSnpw-unsplash-min.jpg\" class=\"attachment-large size-large\" alt=\"\" loading=\"lazy\" srcset=\"https:\/\/www.lepontdemazerat.com\/wp-content\/uploads\/2023\/06\/annie-spratt-8wUjniBSnpw-unsplash-min.jpg 600w, https:\/\/www.lepontdemazerat.com\/wp-content\/uploads\/2023\/06\/annie-spratt-8wUjniBSnpw-unsplash-min-215x300.jpg 215w\" sizes=\"(max-width: 600px) 100vw, 600px\" \/>        <\/article>\r\n              <article class=\"lieu-alentour currentCat visuel\" data-cat=\"aktivitaten\" data-slug=\"saint-cirq-lapopie\" data-icone=\"\" data-couleur=\"\" data-latitude=\"44.464672\" data-longitude=\"1.669032\">\r\n          <div class=\"texte-lieu\">\r\n            <p class=\"categorie-lieu\">\r\n              <i class=\"fas fa-map-marker-alt sa\"><\/i>Aktivit\u00e4ten            <\/p>\r\n            <p class=\"titre-lieu\">Besichtigung von Saint-Cirq-Lapopie<\/p>\r\n          <\/div>\r\n          <img width=\"1024\" height=\"683\" src=\"https:\/\/www.lepontdemazerat.com\/wp-content\/uploads\/2023\/01\/pexels-arnaud-audoin-8904967-1024x683.jpg\" class=\"attachment-large size-large\" alt=\"\" loading=\"lazy\" srcset=\"https:\/\/www.lepontdemazerat.com\/wp-content\/uploads\/2023\/01\/pexels-arnaud-audoin-8904967-1024x683.jpg 1024w, https:\/\/www.lepontdemazerat.com\/wp-content\/uploads\/2023\/01\/pexels-arnaud-audoin-8904967-300x200.jpg 300w, https:\/\/www.lepontdemazerat.com\/wp-content\/uploads\/2023\/01\/pexels-arnaud-audoin-8904967-768x512.jpg 768w, https:\/\/www.lepontdemazerat.com\/wp-content\/uploads\/2023\/01\/pexels-arnaud-audoin-8904967-1536x1025.jpg 1536w, https:\/\/www.lepontdemazerat.com\/wp-content\/uploads\/2023\/01\/pexels-arnaud-audoin-8904967.jpg 1919w\" sizes=\"(max-width: 1024px) 100vw, 1024px\" \/>        <\/article>\r\n          <\/div>\r\n    <div id='page_navigation'><\/div>\r\n  <\/div>\r\n\r\n  <div id=\"map-alentours\" class=\"wp-block-column\">\r\n    <div id=\"map\"><\/div>\r\n  <\/div>\r\n\r\n<\/section>\r\n\r\n\n\n\n<div class=\"wp-block-columns alignfull are-vertically-aligned-center reverse-mob has-fond-background-color has-background\">\n<div class=\"wp-block-column is-vertically-aligned-center\" style=\"flex-basis:45%\">\n<figure class=\"wp-block-gallery has-nested-images columns-default is-cropped gal_2\">\n<figure class=\"wp-block-image size-large\"><img loading=\"lazy\" width=\"1024\" height=\"768\" src=\"https:\/\/www.lepontdemazerat.com\/wp-content\/uploads\/2023\/01\/IMG-20230106-WA0010-1024x768.jpg\" alt=\"tourismus dordogne\" class=\"wp-image-1434\" srcset=\"https:\/\/www.lepontdemazerat.com\/wp-content\/uploads\/2023\/01\/IMG-20230106-WA0010-1024x768.jpg 1024w, https:\/\/www.lepontdemazerat.com\/wp-content\/uploads\/2023\/01\/IMG-20230106-WA0010-300x225.jpg 300w, https:\/\/www.lepontdemazerat.com\/wp-content\/uploads\/2023\/01\/IMG-20230106-WA0010-768x576.jpg 768w, https:\/\/www.lepontdemazerat.com\/wp-content\/uploads\/2023\/01\/IMG-20230106-WA0010-1536x1152.jpg 1536w, https:\/\/www.lepontdemazerat.com\/wp-content\/uploads\/2023\/01\/IMG-20230106-WA0010.jpg 1600w\" sizes=\"(max-width: 1024px) 100vw, 1024px\" \/><\/figure>\n\n\n\n<figure class=\"wp-block-image size-large\"><img loading=\"lazy\" width=\"768\" height=\"1024\" src=\"https:\/\/www.lepontdemazerat.com\/wp-content\/uploads\/2023\/01\/IMG-20230106-WA0011-768x1024.jpg\" alt=\"tourismus schwarzes perigord\" class=\"wp-image-1432\" srcset=\"https:\/\/www.lepontdemazerat.com\/wp-content\/uploads\/2023\/01\/IMG-20230106-WA0011-768x1024.jpg 768w, https:\/\/www.lepontdemazerat.com\/wp-content\/uploads\/2023\/01\/IMG-20230106-WA0011-225x300.jpg 225w, https:\/\/www.lepontdemazerat.com\/wp-content\/uploads\/2023\/01\/IMG-20230106-WA0011-1152x1536.jpg 1152w, https:\/\/www.lepontdemazerat.com\/wp-content\/uploads\/2023\/01\/IMG-20230106-WA0011.jpg 1200w\" sizes=\"(max-width: 768px) 100vw, 768px\" \/><\/figure>\n<\/figure>\n<\/div>\n\n\n\n<div class=\"wp-block-column is-vertically-aligned-center\">\n<h2 id=\"les-plus-beaux-villages-du-perigord-noir-a-proximite-du-camping\">Die sch\u00f6nsten D\u00f6rfer des schwarzen P\u00e9rigord in der N\u00e4he des Campingplatzes<\/h2>\n\n\n\n<p>Entdecken Sie die malerischen Wunder des P\u00e9rigord Noir und lassen Sie sich von seinen sch\u00f6nsten D\u00f6rfern verzaubern, in denen historisches Erbe und nat\u00fcrliche Sch\u00f6nheit harmonisch aufeinandertreffen. Zu diesen Juwelen geh\u00f6rt auch <strong>Sarlat<\/strong>, eine wahre Perle der Region, die nur <strong>15 Minuten von unserem Campingplatz entfernt liegt<\/strong>.<\/p>\n\n\n\n<h3 id=\"decouvrez-sarlat\">Entdecken Sie Sarlat<\/h3>\n\n\n\n<p><strong>Sarlat<\/strong> liegt im Herzen des <strong>P\u00e9rigord Noir<\/strong> und <strong>ist eine<\/strong> au\u00dfergew\u00f6hnliche <strong>mittelalterliche Stadt<\/strong>, die ihre Besucher auf eine Reise durch die Zeit entf\u00fchrt. Mit seinen gepflasterten Gassen, den H\u00e4usern aus goldenem Stein und den Schieferd\u00e4chern bietet Sarlat eine Kulisse wie aus einem M\u00e4rchen. Schlendern Sie durch die Altstadt und bewundern Sie die bemerkenswerte Architektur der Geb\u00e4ude, wie z. B. die <strong>Kathedrale des Heiligen Sacerdos<\/strong> und <strong>die Kirche der Heiligen Maria<\/strong>. Sie werden \u00fcber die Details der geschnitzten Fassaden und die kleinen schattigen Pl\u00e4tze, die zum Verweilen einladen, staunen.<\/p>\n\n\n\n<h3 id=\"les-eyzies-montignac-domme-ou-encore-beynac-et-cazenac\">Les Eyzies, Montignac, Domme oder Beynac-et-Cazenac  <\/h3>\n\n\n\n<p>Neben Sarlat gibt es im P\u00e9rigord Noir noch viele andere malerische D\u00f6rfer.  <\/p>\n\n\n\n<ul><li><strong>20 Minuten vom Campingplatz entfernt<\/strong>, im <strong>Tal der V\u00e9z\u00e8re<\/strong>, entdecken Sie <a href=\"https:\/\/www.lepontdemazerat.com\/de\/alentours\/les-eyzies-das-land-des-cro-magnon\/\" data-type=\"alentours\" data-id=\"3009\">Les Eyzies<\/a> und <strong>Montignac<\/strong>, zwei D\u00f6rfer, die f\u00fcr ihren arch\u00e4ologischen Reichtum bekannt sind.<\/li><li><strong>30 Minuten vom Campingplatz entfernt<\/strong> k\u00f6nnen Sie die <strong>D\u00f6rfer Domme und Beynac-et-Cazenac<\/strong> besuchen.<\/li><\/ul>\n\n\n\n<p>Naturliebhaber sollten die h\u00e4ngenden G\u00e4rten von <strong>Marqueyssac<\/strong> erkunden, wo Sie zwischen beschnittenen Buchsb\u00e4umen und atemberaubenden Panoramen spazieren gehen. Oder lassen Sie sich von den H\u00f6hlen von Lascaux verzaubern, wahren pr\u00e4historischen Sch\u00e4tzen, die zum UNESCO-Weltkulturerbe geh\u00f6ren.<\/p>\n<\/div>\n<\/div>\n\n\n\n<div class=\"wp-block-columns alignfull are-vertically-aligned-center has-fond-background-color has-background\">\n<div class=\"wp-block-column is-vertically-aligned-center\" style=\"flex-basis:40%\">\n<h2 id=\"ergo-ego-senator-inimicus-si-ita-vultis-1\">Urlaub an der frischen Luft im Herzen der Dordogne<\/h2>\n\n\n\n<p>Le Pont de Maz\u00e9rat ist ein <a href=\"https:\/\/www.lepontdemazerat.com\/de\/alentours\/schwarzes-perigord\/\" data-type=\"alentours\" data-id=\"3008\">Campingplatz im Perigord noir<\/a>, der ideal f\u00fcr die ganze Familie ist, um sich in aller Ruhe an der frischen Luft zu treffen. Unsere <a href=\"https:\/\/www.lepontdemazerat.com\/de\/vermietungen\/mobilheim-aquitaine\/\">Mobilheime<\/a>, <a href=\"https:\/\/www.lepontdemazerat.com\/de\/vermietungen\/chalets\/\" data-type=\"page\" data-id=\"2877\">Chalets <\/a>und <a href=\"https:\/\/www.lepontdemazerat.com\/de\/vermietungen\/ungewoehnliche-unterkuenfte\/\" data-type=\"page\" data-id=\"2889\">ungew\u00f6hnlichen Unterk\u00fcnfte<\/a> empfangen Sie inmitten einer nat\u00fcrlichen und erholsamen Umgebung. Auf diesem <a href=\"https:\/\/www.lepontdemazerat.com\/de\/alentours\/schwarzes-perigord\/\" data-type=\"alentours\" data-id=\"3008\">Campingplatz im schwarzen P\u00e9rigord<\/a>, der das G\u00fctesiegel &#8220;Camping Qualit\u00e9 Aquitaine&#8221; tr\u00e4gt, k\u00f6nnen Sie sich voll und ganz und in aller Ruhe erholen.<\/p>\n\n\n\n<div class=\"wp-block-group lire-plus-pc\"><div class=\"wp-block-group__inner-container\">\n<p>Lesen Sie mehr<\/p>\n\n\n\n<div class=\"wp-container-69f0cfbc5f0f3 wp-block-group\"><div class=\"wp-block-group__inner-container\">\n<p>Wenn Sie auf unserem <strong>Campingplatz im P\u00e9rigord Noir<\/strong> mit <a href=\"https:\/\/www.lepontdemazerat.com\/de\/swimmingpool\/\" data-type=\"page\" data-id=\"2909\">Schwimmbad<\/a> wohnen, wird Ihr Urlaub so lebhaft wie nie zuvor.<\/p>\n\n\n\n<p>Le Pont de Maz\u00e9rat ist ein <strong>4-Sterne-Campingplatz im P\u00e9rigord<\/strong>, der ein H\u00f6chstma\u00df an Komfort bietet, wobei besonderer Wert auf die Qualit\u00e4t des Empfangs und die Sauberkeit der R\u00e4umlichkeiten gelegt wird. Alle Unterk\u00fcnfte werden regelm\u00e4\u00dfig erneuert, um Ihnen optimale Aufenthaltsbedingungen zu bieten. Das gesamte Team des Campingplatzes stellt seine Dynamik in Ihren Dienst, um alle Ihre Erwartungen zu erf\u00fcllen.<\/p>\n<\/div><\/div>\n<\/div><\/div>\n<\/div>\n\n\n\n<div class=\"wp-block-column is-vertically-aligned-center\">\n<figure class=\"wp-block-image size-large\"><img loading=\"lazy\" width=\"1024\" height=\"683\" src=\"https:\/\/www.lepontdemazerat.com\/wp-content\/uploads\/2023\/01\/nabih-el-boustani-1KUtI4wLaEI-unsplash-1-1024x683.jpg\" alt=\"\" class=\"wp-image-1150\" srcset=\"https:\/\/www.lepontdemazerat.com\/wp-content\/uploads\/2023\/01\/nabih-el-boustani-1KUtI4wLaEI-unsplash-1-1024x683.jpg 1024w, https:\/\/www.lepontdemazerat.com\/wp-content\/uploads\/2023\/01\/nabih-el-boustani-1KUtI4wLaEI-unsplash-1-300x200.jpg 300w, https:\/\/www.lepontdemazerat.com\/wp-content\/uploads\/2023\/01\/nabih-el-boustani-1KUtI4wLaEI-unsplash-1-768x512.jpg 768w, https:\/\/www.lepontdemazerat.com\/wp-content\/uploads\/2023\/01\/nabih-el-boustani-1KUtI4wLaEI-unsplash-1-1536x1024.jpg 1536w, https:\/\/www.lepontdemazerat.com\/wp-content\/uploads\/2023\/01\/nabih-el-boustani-1KUtI4wLaEI-unsplash-1.jpg 1920w\" sizes=\"(max-width: 1024px) 100vw, 1024px\" \/><\/figure>\n<\/div>\n<\/div>\n","protected":false},"excerpt":{"rendered":"<p>Besuchen Sie die sch\u00f6nsten Orte der Dordogne vom Campingplatz aus Fahrrad Schl\u00f6sser H\u00f6hlen Wandern Kajakfahren D\u00f6rfer Unser 4-Sterne-Campingplatz in der Dordogne profitiert von seiner Lage im Zentrum aller wichtigen Sehensw\u00fcrdigkeiten des P\u00e9rigord Noir. Das P\u00e9rigord ist Gold. Die Landschaft des P\u00e9rigordine bietet Naturliebhabern unz\u00e4hlige markierte Wanderwege, die durch W\u00e4lder und D\u00f6rfer mit goldfarbenen Steinen f\u00fchren. [&hellip;]<\/p>\n","protected":false},"author":1,"featured_media":2803,"parent":0,"menu_order":0,"comment_status":"closed","ping_status":"closed","template":"","meta":[],"acf":[],"_links":{"self":[{"href":"https:\/\/www.lepontdemazerat.com\/de\/wp-json\/wp\/v2\/pages\/2797"}],"collection":[{"href":"https:\/\/www.lepontdemazerat.com\/de\/wp-json\/wp\/v2\/pages"}],"about":[{"href":"https:\/\/www.lepontdemazerat.com\/de\/wp-json\/wp\/v2\/types\/page"}],"author":[{"embeddable":true,"href":"https:\/\/www.lepontdemazerat.com\/de\/wp-json\/wp\/v2\/users\/1"}],"replies":[{"embeddable":true,"href":"https:\/\/www.lepontdemazerat.com\/de\/wp-json\/wp\/v2\/comments?post=2797"}],"version-history":[{"count":6,"href":"https:\/\/www.lepontdemazerat.com\/de\/wp-json\/wp\/v2\/pages\/2797\/revisions"}],"predecessor-version":[{"id":4850,"href":"https:\/\/www.lepontdemazerat.com\/de\/wp-json\/wp\/v2\/pages\/2797\/revisions\/4850"}],"wp:featuredmedia":[{"embeddable":true,"href":"https:\/\/www.lepontdemazerat.com\/de\/wp-json\/wp\/v2\/media\/2803"}],"wp:attachment":[{"href":"https:\/\/www.lepontdemazerat.com\/de\/wp-json\/wp\/v2\/media?parent=2797"}],"curies":[{"name":"wp","href":"https:\/\/api.w.org\/{rel}","templated":true}]}}