{"id":2840,"date":"2023-11-13T15:04:37","date_gmt":"2023-11-13T14:04:37","guid":{"rendered":"https:\/\/www.lepontdemazerat.com\/vorbereiteter-platz\/"},"modified":"2023-11-13T15:04:38","modified_gmt":"2023-11-13T14:04:38","slug":"vorbereiteter-platz","status":"publish","type":"page","link":"https:\/\/www.lepontdemazerat.com\/de\/vorbereiteter-platz\/","title":{"rendered":"Vorbereiteter Platz"},"content":{"rendered":"\n<div class=\"wp-block-cover alignfull\"><span aria-hidden=\"true\" class=\"has-background-dim-60 wp-block-cover__gradient-background has-background-dim\"><\/span><img loading=\"lazy\" width=\"2560\" height=\"1440\" class=\"wp-block-cover__image-background wp-image-863\" alt=\"\" src=\"https:\/\/www.lepontdemazerat.com\/wp-content\/uploads\/2023\/01\/emplacement-dordogne-camping-avec-cuisine-lepontdemazerat-scaled.jpg\" style=\"object-position:50% 16%\" data-object-fit=\"cover\" data-object-position=\"50% 16%\" srcset=\"https:\/\/www.lepontdemazerat.com\/wp-content\/uploads\/2023\/01\/emplacement-dordogne-camping-avec-cuisine-lepontdemazerat-scaled.jpg 2560w, https:\/\/www.lepontdemazerat.com\/wp-content\/uploads\/2023\/01\/emplacement-dordogne-camping-avec-cuisine-lepontdemazerat-300x169.jpg 300w, https:\/\/www.lepontdemazerat.com\/wp-content\/uploads\/2023\/01\/emplacement-dordogne-camping-avec-cuisine-lepontdemazerat-1024x576.jpg 1024w, https:\/\/www.lepontdemazerat.com\/wp-content\/uploads\/2023\/01\/emplacement-dordogne-camping-avec-cuisine-lepontdemazerat-768x432.jpg 768w, https:\/\/www.lepontdemazerat.com\/wp-content\/uploads\/2023\/01\/emplacement-dordogne-camping-avec-cuisine-lepontdemazerat-1536x864.jpg 1536w, https:\/\/www.lepontdemazerat.com\/wp-content\/uploads\/2023\/01\/emplacement-dordogne-camping-avec-cuisine-lepontdemazerat-2048x1152.jpg 2048w, https:\/\/www.lepontdemazerat.com\/wp-content\/uploads\/2023\/01\/emplacement-dordogne-camping-avec-cuisine-lepontdemazerat-1920x1080.jpg 1920w\" sizes=\"(max-width: 2560px) 100vw, 2560px\" \/><div class=\"wp-block-cover__inner-container\">\n<p class=\"has-text-align-center has-large-font-size\"><\/p>\n<\/div><\/div>\n\n<h1 class=\"has-text-align-center\" id=\"un-emplacement-camping-en-dordogne-avec-cuisine\">Ein Camping-Stellplatz in der Dordogne mit K\u00fcche<\/h1>\n\n<div class=\"wp-block-group encart-citation\"><div class=\"wp-block-group__inner-container\">\n<p class=\"has-text-align-center\">Ein Plus an Komfort! Ein <strong>Zeltplatz in der Dordogne<\/strong> mit einer K\u00fcche wie zu Hause.<\/p>\n<\/div><\/div>\n\n<div class=\"wp-block-columns alignwide\">\n<div class=\"wp-block-column padding-t-b\" style=\"flex-basis:32%\">\n<ul class=\"pictos col-3\"><li><i class=\"fas fa-house-tree\"><\/i>  Ausgestattete H\u00fctte<\/li><li><i class=\"fas fa-utensils\"><\/i>  Stellplatz mit K\u00fcche<\/li><li><i class=\"fas fa-leaf-heart\"><\/i>  Komfort &amp; Natur<\/li><\/ul>\n\n\n<p class=\"has-text-align-left\">Die Planung Ihres<strong> Urlaubs im P\u00e9rigord Noir<\/strong> wird ganz einfach, wenn Sie einen <strong>Stellplatz mit K\u00fcche<\/strong> auf unserem <a href=\"https:\/\/www.lepontdemazerat.com\/de\/\">Campingplatz in der Dordogne in der<\/a> N\u00e4he von Sarlat mieten.<\/p>\n\n\n\n<p class=\"has-text-align-left\">Ob Camping-Neuling oder erfahrener Camper, wir alle haben das gleiche Problem. Den<strong>Platz im Kofferraum<\/strong> des Autos finden, um unsere gesamte <strong>Campingausr\u00fcstung<\/strong> unterzubringen.<\/p>\n\n\n\n<p class=\"has-text-align-left\">Wenn Sie f\u00fcr Ihren <strong>Urlaub in der Dordogne<\/strong> unseren <strong>Camping-Stellplatz mit Sommerk\u00fcche<\/strong> mieten, k\u00f6nnen Sie Ihre Campingausr\u00fcstung auf ein Minimum reduzieren.<\/p>\n\n\n\n<div class=\"wp-container-69ee7c643d27f wp-block-buttons\">\n<div class=\"wp-block-button btn_resa\"><a class=\"wp-block-button__link\">Suche nach einem Aufenthalt<\/a><\/div>\n<\/div>\n<\/div>\n\n\n\n<div class=\"wp-block-column\">\n<figure class=\"wp-block-gallery alignfull has-nested-images columns-4 is-cropped diaporama--2 gal_overflow\">\n<figure class=\"wp-block-image size-large\"><img loading=\"lazy\" width=\"768\" height=\"1024\" src=\"https:\/\/www.lepontdemazerat.com\/wp-content\/uploads\/2023\/01\/emplacement-avec-cuisine-camping-dordogne-lepontdemazerat-768x1024-1.jpeg\" alt=\"stellplatz camping sarlat\" class=\"wp-image-850\" srcset=\"https:\/\/www.lepontdemazerat.com\/wp-content\/uploads\/2023\/01\/emplacement-avec-cuisine-camping-dordogne-lepontdemazerat-768x1024-1.jpeg 768w, https:\/\/www.lepontdemazerat.com\/wp-content\/uploads\/2023\/01\/emplacement-avec-cuisine-camping-dordogne-lepontdemazerat-768x1024-1-225x300.jpeg 225w\" sizes=\"(max-width: 768px) 100vw, 768px\" \/><\/figure>\n\n\n<figure class=\"wp-block-image size-large\"><img loading=\"lazy\" width=\"768\" height=\"1024\" src=\"https:\/\/www.lepontdemazerat.com\/wp-content\/uploads\/2023\/01\/emplacement-avec-cuisine-camping-sarlat-lepontdemazerat-768x1024-1.jpeg\" alt=\"camping dordogne stellplatz zelt\" class=\"wp-image-843\" srcset=\"https:\/\/www.lepontdemazerat.com\/wp-content\/uploads\/2023\/01\/emplacement-avec-cuisine-camping-sarlat-lepontdemazerat-768x1024-1.jpeg 768w, https:\/\/www.lepontdemazerat.com\/wp-content\/uploads\/2023\/01\/emplacement-avec-cuisine-camping-sarlat-lepontdemazerat-768x1024-1-225x300.jpeg 225w\" sizes=\"(max-width: 768px) 100vw, 768px\" \/><\/figure>\n\n\n<figure class=\"wp-block-image size-large\"><img loading=\"lazy\" width=\"1024\" height=\"576\" src=\"https:\/\/www.lepontdemazerat.com\/wp-content\/uploads\/2023\/01\/emplacement-pre-equipe-confort-sarlat-le-pont-de-mazerat-1024x576-1.jpg\" alt=\"stellplatz camping dordogne\" class=\"wp-image-860\" srcset=\"https:\/\/www.lepontdemazerat.com\/wp-content\/uploads\/2023\/01\/emplacement-pre-equipe-confort-sarlat-le-pont-de-mazerat-1024x576-1.jpg 1024w, https:\/\/www.lepontdemazerat.com\/wp-content\/uploads\/2023\/01\/emplacement-pre-equipe-confort-sarlat-le-pont-de-mazerat-1024x576-1-300x169.jpg 300w, https:\/\/www.lepontdemazerat.com\/wp-content\/uploads\/2023\/01\/emplacement-pre-equipe-confort-sarlat-le-pont-de-mazerat-1024x576-1-768x432.jpg 768w\" sizes=\"(max-width: 1024px) 100vw, 1024px\" \/><\/figure>\n\n\n<figure class=\"wp-block-image size-large\"><img loading=\"lazy\" width=\"768\" height=\"1024\" src=\"https:\/\/www.lepontdemazerat.com\/wp-content\/uploads\/2023\/01\/emplacement-grand-confort-avec-cuisine-lepontdemazerat-768x1024-1.jpeg\" alt=\"Stellplatz Camping 24\" class=\"wp-image-856\" srcset=\"https:\/\/www.lepontdemazerat.com\/wp-content\/uploads\/2023\/01\/emplacement-grand-confort-avec-cuisine-lepontdemazerat-768x1024-1.jpeg 768w, https:\/\/www.lepontdemazerat.com\/wp-content\/uploads\/2023\/01\/emplacement-grand-confort-avec-cuisine-lepontdemazerat-768x1024-1-225x300.jpeg 225w\" sizes=\"(max-width: 768px) 100vw, 768px\" \/><\/figure>\n\n\n<figure class=\"wp-block-image size-large\"><img loading=\"lazy\" width=\"1024\" height=\"576\" src=\"https:\/\/www.lepontdemazerat.com\/wp-content\/uploads\/2023\/01\/emplacement-camping-confort-cuisine-1024x576-1.jpg\" alt=\"standort ausgestattet dordogne\" class=\"wp-image-845\" srcset=\"https:\/\/www.lepontdemazerat.com\/wp-content\/uploads\/2023\/01\/emplacement-camping-confort-cuisine-1024x576-1.jpg 1024w, https:\/\/www.lepontdemazerat.com\/wp-content\/uploads\/2023\/01\/emplacement-camping-confort-cuisine-1024x576-1-300x169.jpg 300w, https:\/\/www.lepontdemazerat.com\/wp-content\/uploads\/2023\/01\/emplacement-camping-confort-cuisine-1024x576-1-768x432.jpg 768w\" sizes=\"(max-width: 1024px) 100vw, 1024px\" \/><\/figure>\n\n\n<figure class=\"wp-block-image size-large\"><img loading=\"lazy\" width=\"768\" height=\"1024\" src=\"https:\/\/www.lepontdemazerat.com\/wp-content\/uploads\/2023\/01\/emplacement-camping-avec-cuisine-dordogne-perigord-lepontdemazerat-768x1024-1.jpeg\" alt=\"naturcampingplatz in der n&#xE4;he von sarlat in der dordogne\" class=\"wp-image-848\" srcset=\"https:\/\/www.lepontdemazerat.com\/wp-content\/uploads\/2023\/01\/emplacement-camping-avec-cuisine-dordogne-perigord-lepontdemazerat-768x1024-1.jpeg 768w, https:\/\/www.lepontdemazerat.com\/wp-content\/uploads\/2023\/01\/emplacement-camping-avec-cuisine-dordogne-perigord-lepontdemazerat-768x1024-1-225x300.jpeg 225w\" sizes=\"(max-width: 768px) 100vw, 768px\" \/><\/figure>\n\n\n<figure class=\"wp-block-image size-large\"><img loading=\"lazy\" width=\"1024\" height=\"576\" src=\"https:\/\/www.lepontdemazerat.com\/wp-content\/uploads\/2023\/01\/emplacement-sarlat-camping-avec-cuisine-lepontdemazerat-1024x576-1.jpg\" alt=\"traditioneller campingplatz perigord noir\" class=\"wp-image-855\" srcset=\"https:\/\/www.lepontdemazerat.com\/wp-content\/uploads\/2023\/01\/emplacement-sarlat-camping-avec-cuisine-lepontdemazerat-1024x576-1.jpg 1024w, https:\/\/www.lepontdemazerat.com\/wp-content\/uploads\/2023\/01\/emplacement-sarlat-camping-avec-cuisine-lepontdemazerat-1024x576-1-300x169.jpg 300w, https:\/\/www.lepontdemazerat.com\/wp-content\/uploads\/2023\/01\/emplacement-sarlat-camping-avec-cuisine-lepontdemazerat-1024x576-1-768x432.jpg 768w\" sizes=\"(max-width: 1024px) 100vw, 1024px\" \/><\/figure>\n\n\n<figure class=\"wp-block-image size-large\"><img loading=\"lazy\" width=\"1024\" height=\"576\" src=\"https:\/\/www.lepontdemazerat.com\/wp-content\/uploads\/2023\/01\/emplacement-pre-equipe-cuisine-dordogne-le-pont-de-mazerat-1024x576-1.jpg\" alt=\"vorger&#xFC;steter campingplatz dordogne\" class=\"wp-image-859\" srcset=\"https:\/\/www.lepontdemazerat.com\/wp-content\/uploads\/2023\/01\/emplacement-pre-equipe-cuisine-dordogne-le-pont-de-mazerat-1024x576-1.jpg 1024w, https:\/\/www.lepontdemazerat.com\/wp-content\/uploads\/2023\/01\/emplacement-pre-equipe-cuisine-dordogne-le-pont-de-mazerat-1024x576-1-300x169.jpg 300w, https:\/\/www.lepontdemazerat.com\/wp-content\/uploads\/2023\/01\/emplacement-pre-equipe-cuisine-dordogne-le-pont-de-mazerat-1024x576-1-768x432.jpg 768w\" sizes=\"(max-width: 1024px) 100vw, 1024px\" \/><\/figure><\/figure>\n<\/div>\n<\/div>\n\n<div class=\"wp-block-columns are-vertically-aligned-center reverse-mob\">\n<div class=\"wp-block-column is-vertically-aligned-center\" style=\"flex-basis:45%\">\n<figure class=\"wp-block-gallery has-nested-images columns-default is-cropped gal_2\">\n<figure class=\"wp-block-image size-large\"><img loading=\"lazy\" width=\"768\" height=\"1024\" src=\"https:\/\/www.lepontdemazerat.com\/wp-content\/uploads\/2023\/01\/emplacement-confort-cuisine-dordogne-lepontdemazerat-768x1024-1.jpeg\" alt=\"\" class=\"wp-image-852\" srcset=\"https:\/\/www.lepontdemazerat.com\/wp-content\/uploads\/2023\/01\/emplacement-confort-cuisine-dordogne-lepontdemazerat-768x1024-1.jpeg 768w, https:\/\/www.lepontdemazerat.com\/wp-content\/uploads\/2023\/01\/emplacement-confort-cuisine-dordogne-lepontdemazerat-768x1024-1-225x300.jpeg 225w\" sizes=\"(max-width: 768px) 100vw, 768px\" \/><\/figure>\n\n\n<figure class=\"wp-block-image size-large\"><img loading=\"lazy\" width=\"1024\" height=\"576\" src=\"https:\/\/www.lepontdemazerat.com\/wp-content\/uploads\/2023\/01\/emplacement-de-camping-en-dordogne-sarlat-le-pont-de-mazerat-1024x576-1.jpg\" alt=\"\" class=\"wp-image-847\" srcset=\"https:\/\/www.lepontdemazerat.com\/wp-content\/uploads\/2023\/01\/emplacement-de-camping-en-dordogne-sarlat-le-pont-de-mazerat-1024x576-1.jpg 1024w, https:\/\/www.lepontdemazerat.com\/wp-content\/uploads\/2023\/01\/emplacement-de-camping-en-dordogne-sarlat-le-pont-de-mazerat-1024x576-1-300x169.jpg 300w, https:\/\/www.lepontdemazerat.com\/wp-content\/uploads\/2023\/01\/emplacement-de-camping-en-dordogne-sarlat-le-pont-de-mazerat-1024x576-1-768x432.jpg 768w\" sizes=\"(max-width: 1024px) 100vw, 1024px\" \/><\/figure><\/figure>\n<\/div>\n\n\n\n<div class=\"wp-block-column is-vertically-aligned-center\">\n<h2 id=\"ne-vous-encombrez-plus-choisissez-l-emplacement-camping-en-dordogne-avec-cuisine\">Belasten Sie sich nicht l\u00e4nger! W\u00e4hlen Sie den Camping-Stellplatz in der Dordogne mit K\u00fcche.<\/h2>\n\n\n\n<h3 id=\"sur-l-emplacement-pre-equipe-vous-trouverez\">Auf dem Vorbereiteten Stellplatz finden Sie :<\/h3>\n\n\n\n<ul class=\"pictos col-3 ligne\"><li><i class=\"fas fa-house-tree\"><\/i>  eine Holzh\u00fctte von 5m\u00b2<\/li><li><i class=\"fas fa-trees\"><\/i>  Stellplatz von 100m\u00b2<\/li><li><i class=\"fas fa-refrigerator\"><\/i>  ein Top-K\u00fchlschrank<\/li><li><i class=\"fas fa-oven\"><\/i>  eine Kochplatte mit ihrer Gasflasche<\/li><li><i class=\"fas fa-table\"><\/i>  1 Holztisch und 1 Holzbank<\/li><li><i class=\"fas fa-umbrella-beach\"><\/i>  ein Sonnenschirm<\/li><li><i class=\"fas fa-tank-water\"><\/i>  eine Sch\u00fcssel und einen Kanister (f\u00fcr das Wasser)<\/li><li><i class=\"fas fa-bench-tree\"><\/i>  eine Gartengarnitur<\/li><\/ul>\n\n\n<p>In diesem Jahr m\u00fcssen Sie sich nicht mehr zwischen Gartenst\u00fchlen oder dem Spielzeug des j\u00fcngsten Kindes entscheiden! Dank unserer <strong>vorger\u00fcsteten Stellpl\u00e4tze<\/strong> werden Sie mit leichtem Gep\u00e4ck reisen.<\/p>\n\n\n\n<div class=\"wp-block-group lire-plus-pc\"><div class=\"wp-block-group__inner-container\">\n<p>Lesen Sie mehr<\/p>\n\n\n\n<div class=\"wp-container-69ee7c643d8dd wp-block-group\"><div class=\"wp-block-group__inner-container\">\n<p>Auf <strong>10 Stellpl\u00e4tzen von 100 m\u00b2<\/strong> haben wir <strong>Serviceh\u00fctten<\/strong> aufgestellt, die mit einem Top-K\u00fchlschrank, einer Kochplatte, einer Steckdose und einem Tisch mit Bank ausgestattet sind. Wir haben auch an den Au\u00dfenbereich gedacht, mit einem Gartentisch mit St\u00fchlen und einem Sonnenschirm.<\/p>\n\n\n\n<p>Die Zubereitung von Mahlzeiten war noch nie so einfach mit dem Kochfeld auf der H\u00f6he einer echten K\u00fcche.<\/p>\n\n\n\n<p>Ideal f\u00fcr Erstcamper, die nicht \u00fcber die gesamte Campingausr\u00fcstung f\u00fcr ihr erstes Jahr verf\u00fcgen, oder f\u00fcr Rucksacktouristen, die mit leichtem Gep\u00e4ck reisen!<\/p>\n\n\n\n<p>Verbringen Sie gemeinsame Momente mit Freunden oder Kindern am Picknicktisch im Inneren oder im Freien der Serviceh\u00fctte.<\/p>\n\n\n\n<p>Schlie\u00dfen Sie die Augen und stellen Sie sich vor, Sie sind schon im Urlaub!<\/p>\n<\/div><\/div>\n<\/div><\/div>\n<\/div>\n<\/div>\n","protected":false},"excerpt":{"rendered":"<p>Ein Camping-Stellplatz in der Dordogne mit K\u00fcche Ausgestattete H\u00fctte Stellplatz mit K\u00fcche Komfort &amp; Natur Die Planung Ihres Urlaubs im P\u00e9rigord Noir wird ganz einfach, wenn Sie einen Stellplatz mit K\u00fcche auf unserem Campingplatz in der Dordogne in der N\u00e4he von Sarlat mieten. Ob Camping-Neuling oder erfahrener Camper, wir alle haben das gleiche Problem. DenPlatz [&hellip;]<\/p>\n","protected":false},"author":1,"featured_media":2843,"parent":0,"menu_order":0,"comment_status":"closed","ping_status":"closed","template":"","meta":[],"acf":[],"_links":{"self":[{"href":"https:\/\/www.lepontdemazerat.com\/de\/wp-json\/wp\/v2\/pages\/2840"}],"collection":[{"href":"https:\/\/www.lepontdemazerat.com\/de\/wp-json\/wp\/v2\/pages"}],"about":[{"href":"https:\/\/www.lepontdemazerat.com\/de\/wp-json\/wp\/v2\/types\/page"}],"author":[{"embeddable":true,"href":"https:\/\/www.lepontdemazerat.com\/de\/wp-json\/wp\/v2\/users\/1"}],"replies":[{"embeddable":true,"href":"https:\/\/www.lepontdemazerat.com\/de\/wp-json\/wp\/v2\/comments?post=2840"}],"version-history":[{"count":1,"href":"https:\/\/www.lepontdemazerat.com\/de\/wp-json\/wp\/v2\/pages\/2840\/revisions"}],"predecessor-version":[{"id":2852,"href":"https:\/\/www.lepontdemazerat.com\/de\/wp-json\/wp\/v2\/pages\/2840\/revisions\/2852"}],"wp:featuredmedia":[{"embeddable":true,"href":"https:\/\/www.lepontdemazerat.com\/de\/wp-json\/wp\/v2\/media\/2843"}],"wp:attachment":[{"href":"https:\/\/www.lepontdemazerat.com\/de\/wp-json\/wp\/v2\/media?parent=2840"}],"curies":[{"name":"wp","href":"https:\/\/api.w.org\/{rel}","templated":true}]}}