{"id":4356,"date":"2025-07-24T10:20:51","date_gmt":"2025-07-24T08:20:51","guid":{"rendered":"https:\/\/www.lepontdemazerat.com\/ein-campingurlaub-im-perigord-noir-in-der-dordogne\/"},"modified":"2026-03-13T10:55:50","modified_gmt":"2026-03-13T09:55:50","slug":"perigord-camping-frankreich","status":"publish","type":"page","link":"https:\/\/www.lepontdemazerat.com\/de\/perigord-camping-frankreich\/","title":{"rendered":"Ein Campingurlaub im P\u00e9rigord Noir in der Dordogne"},"content":{"rendered":"\n<section class=\"wp-container-69f0fd404c85c wp-block-group alignfull diapo_header\"><div class=\"wp-block-group__inner-container\">\n<figure class=\"wp-block-video\"><video autoplay=\"\" loop=\"\" muted=\"\" src=\"\/wp-content\/themes\/francecom\/img\/mazerat.mp4\"><\/video><\/figure>\n\n\n\n<div class=\"wp-container-69f0fd404c57a wp-block-group\">\n<ul class=\"pictos col-4 picto-mob has-blanc-color has-text-color\"><li><i class=\"fas fa-mountains\"><\/i>  Eine ideale Lage in der Dordogne<\/li><li><i class=\"fas fa-family\"><\/i>  Ein \u00fcberschaubarer und famili\u00e4rer Campingplatz<\/li><li><i class=\"fas fa-badge-check\"><\/i>  Mit den G\u00fctesiegeln Camping qualit\u00e9 und qualit\u00e9 tourisme ausgezeichnet<\/li><li><i class=\"fas fa-house-tree\"><\/i>  Camping in einer nat\u00fcrlichen Umgebung<\/li><\/ul>\n\n\n\n<div class=\"wp-container-69f0fd404c1ad wp-block-group\"><div class=\"wp-block-group__inner-container\">\n<p><i class=\"fas fa-calendar\"><\/i> <strong> \u00d6ffnungszeiten Vermietungen<\/strong><br\/>vom 25. April bis 27. September<\/p>\n\n\n\n<p><i class=\"fas fa-calendar\"><\/i> <strong>Camping unter  freiem Himmel<\/strong><br\/>vom 15. Mai bis 15 . September<\/p>\n<\/div><\/div>\n\n\n<ctv-searchbar><\/ctv-searchbar>\n<\/div>\n<\/div><\/section>\n\n<h1 class=\"has-text-align-center\" id=\"des-vacances-en-camping-dans-le-perigord-noir-en-dordogne\">Ein Campingurlaub im P\u00e9rigord Noir in der Dordogne<\/h1>\n\n<p class=\"has-text-align-center\">Der <strong>Campingplatz Le Pont de Mazerat befindet sich im Herzen des P\u00e9rigord noir in der Dordogne<\/strong>, einem der sch\u00f6nsten franz\u00f6sischen Departements. Profitieren Sie von einer ideal gelegenen Ferienunterkunft, um alle Reicht\u00fcmer des P\u00e9rigord zu entdecken. In einer nat\u00fcrlichen Umgebung empf\u00e4ngt Sie der <a href=\"https:\/\/www.lepontdemazerat.com\/de\/\">famili\u00e4re 4-Sterne-Campingplatz Le Pont de Mazerat<\/a> in einer famili\u00e4ren und herzlichen Atmosph\u00e4re. Erleben Sie Ihren <strong>sch\u00f6nsten Urlaub im P\u00e9rigord Noir<\/strong>!   <\/p>\n\n<div style=\"height:58px\" aria-hidden=\"true\" class=\"wp-block-spacer\"><\/div>\n\n<div class=\"wp-block-columns\">\n<div class=\"wp-block-column\">\n<h2 id=\"les-locations-de-vacances-dans-le-perigord-noir\">Ferienh\u00e4user in Schwarzes P\u00e9rigord<\/h2>\n\n\n\n<p>W\u00e4hlen Sie auf dem <strong>4-Sterne-Campingplatz P\u00e9rigord<\/strong> die <strong>Ferienunterkunft<\/strong>, die Ihren Erwartungen entspricht. Je nach Ihrem Budget und Ihren W\u00fcnschen steht Ihnen eine gro\u00dfe Auswahl an Ferienunterk\u00fcnften zur Verf\u00fcgung. M\u00f6chten Sie sich \u201ewie zu Hause\u201c f\u00fchlen, eine originelle Unterkunft oder einen Aufenthalt inmitten der Natur? Sie haben die Wahl!   <\/p>\n\n\n\n<h3 id=\"les-mobil-homes-et-autres-locations-de-vacances-du-camping\">Die Mobilheime und andere Ferienunterk\u00fcnfte des Campingplatzes<\/h3>\n\n\n\n<p>Die voll <a href=\"https:\/\/www.lepontdemazerat.com\/de\/vermietungen\/mobilheime\/\">ausgestatteten Mobilheime<\/a> bieten Platz f\u00fcr bis zu 8 Personen. Diese <strong>Ferienunterkunft im P\u00e9rigord Noir<\/strong> ist daher ideal f\u00fcr einen geselligen Familienurlaub. Genie\u00dfen Sie diese ger\u00e4umige und komfortable Unterkunft inmitten der Natur, in ruhiger Lage und mit viel Privatsph\u00e4re.<br\/>F\u00fcr einen gem\u00fctlichen Aufenthalt lassen Sie sich von einem <a href=\"https:\/\/www.lepontdemazerat.com\/de\/vermietungen\/chalets\/\">Holzchalet<\/a> f\u00fcr 5 Personen mit \u00fcberdachter Terrasse verf\u00fchren. Dieses Holzchalet f\u00fcgt sich perfekt in die umgebende Natur ein und bietet Komfort und Abwechslung.<br\/>F\u00fcr eine etwas <a href=\"https:\/\/www.lepontdemazerat.com\/de\/vermietungen\/ungewoehnliche-unterkuenfte\/\">ausgefallenere Unterkunft<\/a> bietet Ihnen unser <strong>4-Sterne-Campingplatz im P\u00e9rigord Noir<\/strong> eine Zeltkabine, ein <strong>Safarizelt oder eine Coco Sweet<\/strong>. So k\u00f6nnen Sie einen Aufenthalt in einem originellen, gem\u00fctlichen Nest mitten in der Natur verbringen.    <\/p>\n\n\n\n<h3 id=\"les-emplacements-et-aires-de-camping-dans-le-perigord-noir\">Campingpl\u00e4tze und Stellpl\u00e4tze im P\u00e9rigord Noir<\/h3>\n\n\n\n<p>F\u00fcr einen authentischen Campingurlaub in der Dordogne reservieren Sie einen der Ihnen zur Verf\u00fcgung stehenden <a href=\"https:\/\/www.lepontdemazerat.com\/de\/stellplatz-dordogne-aquitaine\/\">Stellpl\u00e4tze<\/a>. Auf diesen ger\u00e4umigen, schattigen oder sonnigen <strong>Stellpl\u00e4tzen k\u00f6nnen Sie Ihr Zelt, Ihren Wohnwagen oder Ihr Wohnmobil<\/strong> aufstellen und einen ruhigen <strong>Urlaub im P\u00e9rigord Noir<\/strong> genie\u00dfen. Um mit weniger Gep\u00e4ck in den Urlaub zu fahren, hat dieser <strong>4-Sterne-Campingplatz<\/strong> an alles gedacht. Einige der <strong>Stellpl\u00e4tze<\/strong> sind bereits ausgestattet und verf\u00fcgen \u00fcber eine \u00fcberdachte K\u00fcche mit K\u00fchlschrank, Kocher, Tischen und St\u00fchlen.   <\/p>\n\n\n\n<div class=\"wp-container-69f0fd404cc5e wp-block-buttons\">\n<div class=\"wp-block-button btn_galerie\"><a class=\"wp-block-button__link\" href=\"https:\/\/www.lepontdemazerat.com\/de\/vermietungen\/\">Unterk\u00fcnfte anzeigen<\/a><\/div>\n\n\n\n<div class=\"wp-block-button btn_resa\"><a class=\"wp-block-button__link\">Buchen Sie Ihren Urlaub<\/a><\/div>\n<\/div>\n<\/div>\n\n\n\n<div class=\"wp-block-column\">\n<figure class=\"wp-block-gallery alignfull has-nested-images columns-2 is-cropped fc-diapo gal_overflow\">\n<figure class=\"wp-block-image size-large\"><img loading=\"lazy\" width=\"2048\" height=\"1536\" src=\"https:\/\/www.lepontdemazerat.com\/wp-content\/uploads\/2025\/02\/2306-Emplacement-1.jpg\" alt=\"Campingplatz im P&#xE9;rigord Noir\" class=\"wp-image-3903\" srcset=\"https:\/\/www.lepontdemazerat.com\/wp-content\/uploads\/2025\/02\/2306-Emplacement-1.jpg 2048w, https:\/\/www.lepontdemazerat.com\/wp-content\/uploads\/2025\/02\/2306-Emplacement-1-300x225.jpg 300w, https:\/\/www.lepontdemazerat.com\/wp-content\/uploads\/2025\/02\/2306-Emplacement-1-1024x768.jpg 1024w, https:\/\/www.lepontdemazerat.com\/wp-content\/uploads\/2025\/02\/2306-Emplacement-1-768x576.jpg 768w, https:\/\/www.lepontdemazerat.com\/wp-content\/uploads\/2025\/02\/2306-Emplacement-1-1536x1152.jpg 1536w\" sizes=\"(max-width: 2048px) 100vw, 2048px\" \/><\/figure>\n\n\n\n<figure class=\"wp-block-image size-large\"><img loading=\"lazy\" width=\"650\" height=\"488\" src=\"https:\/\/www.lepontdemazerat.com\/wp-content\/uploads\/2024\/01\/tente-lodge-dordogne-exterieur.jpg\" alt=\"Ferienunterkunft im P&#xE9;rigord Noir\" class=\"wp-image-3255\" srcset=\"https:\/\/www.lepontdemazerat.com\/wp-content\/uploads\/2024\/01\/tente-lodge-dordogne-exterieur.jpg 650w, https:\/\/www.lepontdemazerat.com\/wp-content\/uploads\/2024\/01\/tente-lodge-dordogne-exterieur-300x225.jpg 300w\" sizes=\"(max-width: 650px) 100vw, 650px\" \/><\/figure>\n\n\n\n<figure class=\"wp-block-image size-large\"><img loading=\"lazy\" width=\"800\" height=\"600\" src=\"https:\/\/www.lepontdemazerat.com\/wp-content\/uploads\/2023\/06\/PHOTO-2023-05-23-16-19-35.jpg\" alt=\"Mobilheim im P&#xE9;rigord Noir\" class=\"wp-image-2602\" srcset=\"https:\/\/www.lepontdemazerat.com\/wp-content\/uploads\/2023\/06\/PHOTO-2023-05-23-16-19-35.jpg 800w, https:\/\/www.lepontdemazerat.com\/wp-content\/uploads\/2023\/06\/PHOTO-2023-05-23-16-19-35-300x225.jpg 300w, https:\/\/www.lepontdemazerat.com\/wp-content\/uploads\/2023\/06\/PHOTO-2023-05-23-16-19-35-768x576.jpg 768w\" sizes=\"(max-width: 800px) 100vw, 800px\" \/><\/figure>\n\n\n\n<figure class=\"wp-block-image size-large\"><img loading=\"lazy\" width=\"1176\" height=\"882\" src=\"https:\/\/www.lepontdemazerat.com\/wp-content\/uploads\/2023\/01\/00000291710.webp\" alt=\"Ferienwohnung im P&#xE9;rigord Noir\" class=\"wp-image-1273\" srcset=\"https:\/\/www.lepontdemazerat.com\/wp-content\/uploads\/2023\/01\/00000291710.webp 1176w, https:\/\/www.lepontdemazerat.com\/wp-content\/uploads\/2023\/01\/00000291710-300x225.webp 300w, https:\/\/www.lepontdemazerat.com\/wp-content\/uploads\/2023\/01\/00000291710-1024x768.webp 1024w, https:\/\/www.lepontdemazerat.com\/wp-content\/uploads\/2023\/01\/00000291710-768x576.webp 768w\" sizes=\"(max-width: 1176px) 100vw, 1176px\" \/><\/figure>\n<\/figure>\n<\/div>\n<\/div>\n\n<div class=\"wp-block-columns alignfull are-vertically-aligned-center reverse-mob has-noir-color has-blanc-background-color has-text-color has-background\">\n<div class=\"wp-block-column is-vertically-aligned-center\" style=\"flex-basis:45%\">\n<figure class=\"wp-block-gallery has-nested-images columns-2 is-cropped gal_2\">\n<figure class=\"wp-block-image size-full\"><img loading=\"lazy\" width=\"1022\" height=\"500\" src=\"https:\/\/www.lepontdemazerat.com\/wp-content\/uploads\/2023\/01\/camping-dordogn-piscine-chauffee-le-pont-de-mazerat-1-1.jpg\" alt=\"campingplatz perigord mit schwimmbad\" class=\"wp-image-1745\" srcset=\"https:\/\/www.lepontdemazerat.com\/wp-content\/uploads\/2023\/01\/camping-dordogn-piscine-chauffee-le-pont-de-mazerat-1-1.jpg 1022w, https:\/\/www.lepontdemazerat.com\/wp-content\/uploads\/2023\/01\/camping-dordogn-piscine-chauffee-le-pont-de-mazerat-1-1-300x147.jpg 300w, https:\/\/www.lepontdemazerat.com\/wp-content\/uploads\/2023\/01\/camping-dordogn-piscine-chauffee-le-pont-de-mazerat-1-1-768x376.jpg 768w\" sizes=\"(max-width: 1022px) 100vw, 1022px\" \/><\/figure>\n\n\n\n<figure class=\"wp-block-image size-large\"><img loading=\"lazy\" width=\"1600\" height=\"1200\" src=\"https:\/\/www.lepontdemazerat.com\/wp-content\/uploads\/2023\/06\/2306-piscine-2.jpg\" alt=\"Wasserpark Campingplatz P&#xE9;rigord Noir\" class=\"wp-image-2544\" srcset=\"https:\/\/www.lepontdemazerat.com\/wp-content\/uploads\/2023\/06\/2306-piscine-2.jpg 1600w, https:\/\/www.lepontdemazerat.com\/wp-content\/uploads\/2023\/06\/2306-piscine-2-300x225.jpg 300w, https:\/\/www.lepontdemazerat.com\/wp-content\/uploads\/2023\/06\/2306-piscine-2-1024x768.jpg 1024w, https:\/\/www.lepontdemazerat.com\/wp-content\/uploads\/2023\/06\/2306-piscine-2-768x576.jpg 768w, https:\/\/www.lepontdemazerat.com\/wp-content\/uploads\/2023\/06\/2306-piscine-2-1536x1152.jpg 1536w\" sizes=\"(max-width: 1600px) 100vw, 1600px\" \/><\/figure>\n<\/figure>\n<\/div>\n\n\n\n<div class=\"wp-block-column is-vertically-aligned-center\">\n<h2 id=\"plongez-dans-la-piscine-du-camping-dans-le-perigord-noir\">Tauchen Sie ein in den Pool des Campingplatzes im P\u00e9rigord Noir<\/h2>\n\n\n\n<p>Genie\u00dfen Sie Ihren <strong>Campingurlaub in der Dordogne P\u00e9rigord Noir und den Wasserbereich<\/strong> mit beheiztem Pool. Unabh\u00e4ngig vom Wetter k\u00f6nnen Sie sich im angenehm temperierten Wasser vergn\u00fcgen oder ein paar Bahnen schwimmen. Die Kleinsten k\u00f6nnen sich sicher im Planschbecken austoben. Au\u00dferdem laden die Liegest\u00fchle zum Entspannen und Ausruhen nach Ausfl\u00fcgen in die Umgebung ein. Der <a href=\"https:\/\/www.lepontdemazerat.com\/de\/swimmingpool\/\">Wasserpark des Campingplatzes<\/a> ist ein Ort, an dem alle Generationen zusammenkommen, um Spa\u00df zu haben und sich zu entspannen.    <\/p>\n\n\n\n<p>Neben dem Wasserbereich, der alle zusammenbringt, bietet der Campingplatz zahlreiche Aktivit\u00e4ten f\u00fcr Kinder: H\u00fcpfburgen, aber auch einen Spielplatz. Mit der ganzen Familie k\u00f6nnen Sie auch Tischtennis oder Billard spielen oder den gro\u00dfen Platz zum Fu\u00dfballspielen nutzen. <\/p>\n\n\n\n<div class=\"wp-container-69f0fd404d0e4 wp-block-buttons\">\n<div class=\"wp-block-button btn_resa\"><a class=\"wp-block-button__link\">Buchen Sie Ihren Urlaub<\/a><\/div>\n<\/div>\n<\/div>\n<\/div>\n\n<div class=\"wp-block-cover alignfull M-05-a\"><span aria-hidden=\"true\" class=\"has-background-dim-60 wp-block-cover__gradient-background has-background-dim\"><\/span><img loading=\"lazy\" width=\"1200\" height=\"800\" class=\"wp-block-cover__image-background wp-image-3995\" alt=\"perigord noir pourquoi ce nom\" src=\"https:\/\/www.lepontdemazerat.com\/wp-content\/uploads\/2025\/03\/ADO-perigord-noir.jpg\" style=\"object-position:62% 66%\" data-object-fit=\"cover\" data-object-position=\"62% 66%\" srcset=\"https:\/\/www.lepontdemazerat.com\/wp-content\/uploads\/2025\/03\/ADO-perigord-noir.jpg 1200w, https:\/\/www.lepontdemazerat.com\/wp-content\/uploads\/2025\/03\/ADO-perigord-noir-300x200.jpg 300w, https:\/\/www.lepontdemazerat.com\/wp-content\/uploads\/2025\/03\/ADO-perigord-noir-1024x683.jpg 1024w, https:\/\/www.lepontdemazerat.com\/wp-content\/uploads\/2025\/03\/ADO-perigord-noir-768x512.jpg 768w\" sizes=\"(max-width: 1200px) 100vw, 1200px\" \/><div class=\"wp-block-cover__inner-container\">\n<h2 id=\"perigord-noir-pourquoi-ce-nom\">P\u00e9rigord Noir, warum dieser Name?<\/h2>\n\n\n\n<p>Vielleicht denken Sie, dass das <strong>P\u00e9rigord Noir<\/strong> seinen Namen von der schwarzen Tr\u00fcffel hat, einer der <a href=\"https:\/\/www.lepontdemazerat.com\/de\/spezialitaeten-perigord-noir\/\">gastronomischen Spezialit\u00e4ten des P\u00e9rigord<\/a>, die man in diesem Departement findet? Weit gefehlt. Tats\u00e4chlich besteht die <strong>Dordogne aus vier P\u00e9rigords<\/strong>, die jeweils eine <strong>andere Farbe haben<\/strong>.  <\/p>\n\n\n\n<ul><li>Das <strong>P\u00e9rigord Noir<\/strong>, die touristischste Region, <strong>verdankt seinen Namen den gr\u00fcnen und dunklen Steineichen, die den W\u00e4ldern<\/strong> dieser Gegend ein fast schwarzes Aussehen verleihen.<\/li><li>Das <strong> wei\u00dfeP\u00e9rigord<\/strong>, der <strong> zentraleTeil der Dordogne<\/strong>, wird wegen des <strong>Kalksteins und des Gesteins auf den B\u00f6den<\/strong> so genannt.<\/li><li>Das <strong> gr\u00fcneP\u00e9rigord<\/strong> liegt im <strong>Norden des Departements<\/strong>, wo sich der regionale Naturpark P\u00e9rigord-Limousin und das wundersch\u00f6ne Dorf Brant\u00f4me, das auch &#8221; das gr\u00fcne Venedig &#8221; genannt wird, befinden.<\/li><li>Schlie\u00dflich erinnert das <strong> purpurroteP\u00e9rigord<\/strong> an das <strong>ber\u00fchmte Weinbaugebiet von Bergerac<\/strong>.<\/li><\/ul>\n<\/div><\/div>\n\n<h2 id=\"visitez-les-plus-beaux-endroits-du-perigord-noir\">Besuchen Sie die sch\u00f6nsten Orte im schwarzen P\u00e9rigord<\/h2>\n\n<p>W\u00e4hrend Ihres<strong> Urlaubs im P\u00e9rigord noir<\/strong>, entdecken Sie <strong> unumg\u00e4ngliche Sehensw\u00fcrdigkeiten<\/strong>. Die <a href=\"https:\/\/www.lepontdemazerat.com\/de\/umgebung\/\">St\u00e4dte und D\u00f6rfer der Dordogne<\/a> sind geschichtstr\u00e4chtig, ihre <a href=\"https:\/\/www.lepontdemazerat.com\/de\/dordogne-holen\/\">H\u00f6hlen<\/a> und besitzen einen einzigartigen Charme. Diese malerischen St\u00e4dte lassen keinen Besucher unber\u00fchrt . Entdecken Sie die <a href=\"https:\/\/www.lepontdemazerat.com\/villages-perigord-noir\/\"> sch\u00f6nsten D\u00f6rfer des P\u00e9rigord Noir<\/a>.   <\/p>\n\n<div class=\"wp-block-columns\">\n<div class=\"wp-block-column\">\n<h3 id=\"sarlat-la-caneda\">Sarlat-la-Can\u00e9da<\/h3>\n\n\n\n<p>Die &#8221; <strong>Hauptstadt des schwarzen P\u00e9rigord<\/strong> &#8221; geh\u00f6rt zu den St\u00e4dten, von denen man nie genug bekommen kann. Schlendern Sie in einer geschichtstr\u00e4chtigen Atmosph\u00e4re durch die engen Kopfsteinpflastergassen der <a href=\"https:\/\/www.lepontdemazerat.com\/camping-sarlat-dordogne\/\">Stadt Sarlat<\/a>, zwischen den Kalksteinh\u00e4usern und den historischen Denkm\u00e4lern dieser sch\u00f6nen mittelalterlichen Stadt.<br\/>Bewundern Sie die Kathedrale Saint-Sacerdos mit ihrer sch\u00f6nen Orgel, die alte Kirche Sainte-Marie mit ihrem Panoramaaufzug, das Maison de la Bo\u00e9tie und vieles mehr. <\/p>\n\n\n\n<h3 id=\"domme\">Domme<\/h3>\n\n\n\n<p>Die <strong>Bastide von Domme<\/strong>, ein Dorf an der Flanke einer Klippe, erm\u00f6glicht es Ihnen, in die H\u00f6he zu steigen und einen einzigartigen Blick auf das Tal der Dordogne zu bewundern.<br\/>Vom Aussichtspunkt auf der Esplanade de la Barre k\u00f6nnen Sie Beynac, La Roque Gageac oder die G\u00e4rten von Marqueyssac erblicken. Die Gassen von Domme laden zum Flanieren ein. Z\u00f6gern Sie nicht, in die St\u00e4nde der Handwerker zu treten , um das lokale Know-how und die regionalen Produkte zu entdecken.  <\/p>\n<\/div>\n\n\n\n<div class=\"wp-block-column\">\n<h3 id=\"la-roque-gageac\">La Roque-Gageac<\/h3>\n\n\n\n<p>Dieses <strong>malerische kleine Dorf<\/strong> ist von gro\u00dfer Sch\u00f6nheit und l\u00e4sst keinen Besucher unber\u00fchrt. Es geh\u00f6rt zu den D\u00f6rfern, die Sie bei einem Campingurlaub im P\u00e9rigord unbedingt sehen sollten. Ein Spaziergang durch diese Gemeinde l\u00e4dt zum Tr\u00e4umen ein. Schlendern Sie durch die Stra\u00dfen, zwischen den H\u00e4usern mit braunen Ziegeln und der Kirche aus dem 14. Eine Gasse mit dichter Vegetation wird Sie \u00fcberraschen. Bewundern Sie n\u00e4mlich im Herzen des Dorfes eine exotische Allee, die mit Palmen, Bambus, Bananenstauden, Kakteen und Feigenb\u00e4umen \u00fcbers\u00e4t ist.     <\/p>\n\n\n\n<h3 id=\"le-village-et-le-chateau-de-beynac-et-cazenac\">Das Dorf und das Schloss von Beynac-et-Cazenac<\/h3>\n\n\n\n<p>Kommt Ihnen dieses Schloss bekannt vor? Kein Wunder , denn es geh\u00f6rt zu den <a href=\"https:\/\/www.lepontdemazerat.com\/de\/dordogne-schlosser\/\"> sch\u00f6nsten Schl\u00f6ssern des schwarzen P\u00e9rigord<\/a> und diente unter anderem als Kulisse f\u00fcr den Film &#8221; Die Besucher &#8220;. Das sehr gut erhaltene, denkmalgesch\u00fctzte Geb\u00e4ude aus dem 12. Jahrhundert \u00fcberragt das Dorf. Das <strong>Dorf Beynac<\/strong> versetzt seine Besucher in die Zeit des Mittelalters mit seinen engen Gassen aus Stein und seinen typischen H\u00e4usern. In der Sommersaison wird eine gef\u00fchrte Tour durch das Dorf angeboten.    <\/p>\n<\/div>\n<\/div>\n\n<div class=\"wp-container-69f0fd404d51b wp-block-buttons\">\n<div class=\"wp-block-button aligncenter\"><a class=\"wp-block-button__link\" href=\"https:\/\/www.lepontdemazerat.com\/de\/umgebung\/\">Entdecken Sie alle Umgebungen in Dordogne<\/a><\/div>\n<\/div>\n\n<div style=\"height:64px\" aria-hidden=\"true\" class=\"wp-block-spacer\"><\/div>\n","protected":false},"excerpt":{"rendered":"<p>Eine ideale Lage in der Dordogne Ein \u00fcberschaubarer und famili\u00e4rer Campingplatz Mit den G\u00fctesiegeln Camping qualit\u00e9 und qualit\u00e9 tourisme ausgezeichnet Camping in einer nat\u00fcrlichen Umgebung \u00d6ffnungszeiten Vermietungenvom 25. April bis 27. September Camping unter freiem Himmelvom 15. Mai bis 15 . September Ein Campingurlaub im P\u00e9rigord Noir in der Dordogne Der Campingplatz Le Pont de [&hellip;]<\/p>\n","protected":false},"author":1,"featured_media":3013,"parent":0,"menu_order":0,"comment_status":"closed","ping_status":"closed","template":"","meta":[],"acf":[],"_links":{"self":[{"href":"https:\/\/www.lepontdemazerat.com\/de\/wp-json\/wp\/v2\/pages\/4356"}],"collection":[{"href":"https:\/\/www.lepontdemazerat.com\/de\/wp-json\/wp\/v2\/pages"}],"about":[{"href":"https:\/\/www.lepontdemazerat.com\/de\/wp-json\/wp\/v2\/types\/page"}],"author":[{"embeddable":true,"href":"https:\/\/www.lepontdemazerat.com\/de\/wp-json\/wp\/v2\/users\/1"}],"replies":[{"embeddable":true,"href":"https:\/\/www.lepontdemazerat.com\/de\/wp-json\/wp\/v2\/comments?post=4356"}],"version-history":[{"count":6,"href":"https:\/\/www.lepontdemazerat.com\/de\/wp-json\/wp\/v2\/pages\/4356\/revisions"}],"predecessor-version":[{"id":4929,"href":"https:\/\/www.lepontdemazerat.com\/de\/wp-json\/wp\/v2\/pages\/4356\/revisions\/4929"}],"wp:featuredmedia":[{"embeddable":true,"href":"https:\/\/www.lepontdemazerat.com\/de\/wp-json\/wp\/v2\/media\/3013"}],"wp:attachment":[{"href":"https:\/\/www.lepontdemazerat.com\/de\/wp-json\/wp\/v2\/media?parent=4356"}],"curies":[{"name":"wp","href":"https:\/\/api.w.org\/{rel}","templated":true}]}}